{"id":1217,"date":"2015-09-01T18:45:15","date_gmt":"2015-09-01T16:45:15","guid":{"rendered":"http:\/\/waldkritik.de\/?page_id=1217"},"modified":"2015-10-16T14:09:39","modified_gmt":"2015-10-16T12:09:39","slug":"zuschriften-unserer-leser","status":"publish","type":"page","link":"https:\/\/waldkritik.de\/?page_id=1217","title":{"rendered":"Zuschriften unserer Leser"},"content":{"rendered":"<p style=\"text-align: justify;\">Auf dieser Seite finden Sie <em><strong>Zuschriften <\/strong><\/em>unserer Leser, die sie uns zur Ver\u00f6ffentlichung geschickt haben. Wenn auch Sie Ihrer Stimme Geh\u00f6r verschaffen m\u00f6chten, dann k\u00f6nnen Sie uns gerne Leserbriefe oder Korrespondenzen mit offiziellen Beh\u00f6rden schicken, denn nur gemeinsam k\u00f6nnen wir etwas an der \u00fcberkommenen Forstpraxis \u00e4ndern:<\/p>\n<h3 style=\"text-align: justify;\"><strong><img loading=\"lazy\" decoding=\"async\" class=\" alignleft wp-image-587\" src=\"https:\/\/waldkritik.de\/wp-content\/uploads\/2015\/01\/NEU.png\" alt=\"NEU\" width=\"92\" height=\"126\" \/><\/strong><\/h3>\n<p style=\"text-align: justify;\"><span style=\"color: #008000;\">Leserbrief zum Artikel \u00fcber unser Bodenschutzkonzept im Schw\u00e4bischen Tagblatt:<\/span><br \/>\nDas R\u00fcckepferd als echte Alternative<\/p>\n<p><span style=\"color: #000000;\">Im Artikel &#8220;Gegen Gassen nach Schema F\u201c, wird vom aufwendigen und teuren Seilkran gesprochen. Dieser hat nur einen begrenzten Aktionsradius, der allerdings im Zusammenspiel mit dem R\u00fcckepferd, vergr\u00f6\u00dfert werden kann. Was im \u00fcbrigen f\u00fcr andere Forstmaschinen auch gilt. Das Pferd kann durch Vorliefern der St\u00e4mme, den Radius erweitern und die Technik hervorragend erg\u00e4nzen. Somit k\u00f6nnten die Gassenabst\u00e4nde bedeutend vergr\u00f6\u00dfert und wertvoller Waldboden gesch\u00fctzt werden. Es gibt Studien die zeigen, dass wenn man alle Kosten, speziell auch die angef\u00fchrte Sanierungskosten der R\u00fcckegassen, ber\u00fccksichtigt, das Pferd nur unwesentlich teurer ist als die Maschine. Weiter entstehen beim R\u00fccken mit Maschinen, teils gro\u00dfe Sch\u00e4den am Bestand, was alles wahrlich nicht eingepreist wird.<br \/>\nDie Waldkritik sieht die F\u00f6rster verantwortlich. Sicherlich hat ein F\u00f6rster den Auftrag sich um das Wohl des Waldes zu k\u00fcmmern. Leider unterliegen, sie aber auch den Vorgaben der Politik, n\u00e4mlich wie dieser von Minister Bonde, \u201e3% mehr Gewinn im Staatsforst f\u00fcr 2015\u201c.<br \/>\nWo ist da die Motivation, das \u201evermeintlich\u201c teurere Pferd einzusetzen und gr\u00f6\u00dfere Gassenabst\u00e4nde zu machen.<br \/>\nDem Verbraucher muss klar gemacht werden, dass \u201eEr\u201c letztlich immer die Zeche bezahlt. Aufgabe der Politik, sollte sein, klare Vorgaben zu machen, wie mit UNSEREM Wald umzugehen ist und die \u00fcberall gepriesene \u201eNachhaltigkeit\u201c in den Vordergrund zu stellen. Im \u00fcbrigen gibt es das Bodenschutzgesetz, Dies sollte sich die Politik mal genauer ansehen.<\/span><\/p>\n<p>Rolf Rebmann<\/p>\n<p><span style=\"color: #ffffff;\">:<\/span><\/p>\n<h3 style=\"text-align: justify;\"><strong><img loading=\"lazy\" decoding=\"async\" class=\" alignleft wp-image-587\" src=\"https:\/\/waldkritik.de\/wp-content\/uploads\/2015\/01\/NEU.png\" alt=\"NEU\" width=\"92\" height=\"126\" \/><\/strong><\/h3>\n<p style=\"text-align: justify;\"><span style=\"color: #008000;\">Leserbrief zum Artikel \u00fcber unser Bodenschutzkonzept im Schw\u00e4bischen Tagblatt:<\/span><br \/>\n<span style=\"color: #000000;\">Wem geh\u00f6rt eigentlich\u00a0 der Sch\u00f6nbuch?<\/span><\/p>\n<p><span style=\"color: #000000;\">Man ahnt schon: die Antwort wird ern\u00fcchternd sein. &#8211; Vielen Dank der Initiative Waldkritik&#8221; f\u00fcr ihre Arbeit.\u00a0 Jeder, der die Natur liebt und sich ein wenig im Wald erholen und ergehen m\u00f6chte, muss es erleben: Das ist vorbei!\u00a0 <\/span><br \/>\n<span style=\"color: #000000;\">Die Forstwirtschaft ist der Feind des Waldes. Es geht nur noch um Profit.<\/span><br \/>\n<span style=\"color: #000000;\">Annemarie Hopp<\/span><\/p>\n<h3 style=\"text-align: justify;\"><span style=\"color: #008000;\"><strong><em><span class=\"Apple-style-span\" style=\"font-size: medium;\">Wanderung vom Schaichhof zum Birkensee<\/span><\/em><\/strong><\/span><\/h3>\n<p style=\"text-align: justify;\"><span style=\"color: #008000;\"><em>Die Familie Schild aus B\u00f6blingen hat uns die nachfolgende Korrespondenz mit der Forstbeh\u00f6rde in Bebenhausen &#8211; einschlie\u00dflich der Bilder &#8211; zur Ver\u00f6ffentlichung \u00fcberlassen.<\/em><\/span><br \/>\n<span style=\"color: #008000;\"> <em> Aus Gr\u00fcnden der Transparenz gegen wir davon aus, da\u00df niemand etwas dagegen einwenden wird, wenn wir die Korrespondenz hier ver\u00f6ffentlichen:<\/em><\/span><\/p>\n<p style=\"text-align: justify;\"><span style=\"color: #008000;\"><em><strong>Zun\u00e4chst schrieb die Familie Schild an Herrn K\u00f6berle, dem Abteilungsleiter der Abt. 34 &#8211; Forst beim Landratsamt T\u00fcbingen<\/strong><\/em><\/span><\/p>\n<p style=\"text-align: justify;\">Sehr geehrter Herr K\u00f6berle,<br \/>\nwir m\u00f6chten nicht die Diskussion des Fr\u00fchjahrs\/Sommers wieder aufgreifen, aber auf unserer heutigen Wanderung vom Schaichhof zum Birkensee und zur\u00fcck waren wir doch entsetzt. Die Forstwirtschaft hat auf den Nebenwegen, teilweise aber auch auf den Hauptwegen und am Grillplatz, grausige Spuren hinterlassen. L\u00e4sst sich das wirklich nicht vermeiden? Ein Arbeitseinsatz nach Zeitplan statt nach dem Wetter, mit schwerem statt mit leichtem Ger\u00e4t, mag zun\u00e4chst kosteng\u00fcnstiger sein, aber die Wiederherstellung der Wege kostet doch sicher auch einiges Geld, von der Beeintr\u00e4chtigung der Natur ganz abgesehen.<br \/>\nMit der Bitte um eine Stellungnahme und freundlichen Gr\u00fc\u00dfen,<br \/>\nSigrid+Peter Schild<\/p>\n<p style=\"text-align: justify;\"><span style=\"color: #008000;\"><em><strong>Folgende Bilder wurden von Familie Schild ihrem Schreiben beigelegt:<\/strong><\/em><\/span><br \/>\n<div id=\"metaslider-id-1228\" style=\"max-width: 500px;\" class=\"ml-slider-3-108-0 ml-slider-pro-2-7-1 metaslider metaslider-nivo metaslider-1228 ml-slider ms-theme-default\" role=\"region\" aria-label=\"Schaichhof zum Birkensee\" data-height=\"500\" data-width=\"500\">\n    <div id=\"metaslider_container_1228\">\n        <div class='slider-wrapper theme-default'><div class='ribbon'><\/div><div id='metaslider_1228' class='nivoSlider'><img loading=\"lazy\" decoding=\"async\" width=\"640\" height=\"480\" src=\"https:\/\/waldkritik.de\/wp-content\/uploads\/2015\/09\/IMG_4880.jpg\" class=\"slider-1228 slide-1220 msDefaultImage\" alt=\"\" data-caption=\"\" data-thumb=\"https:\/\/waldkritik.de\/wp-content\/uploads\/2015\/09\/IMG_4880-50x50.jpg\" title=\"\" rel=\"\" srcset=\"https:\/\/waldkritik.de\/wp-content\/uploads\/2015\/09\/IMG_4880.jpg 640w, https:\/\/waldkritik.de\/wp-content\/uploads\/2015\/09\/IMG_4880-300x225.jpg 300w\" sizes=\"auto, (max-width: 640px) 100vw, 640px\" \/><img loading=\"lazy\" decoding=\"async\" width=\"640\" height=\"480\" src=\"https:\/\/waldkritik.de\/wp-content\/uploads\/2015\/09\/IMG_4883.jpg\" class=\"slider-1228 slide-1218 msDefaultImage\" alt=\"\" data-caption=\"\" data-thumb=\"https:\/\/waldkritik.de\/wp-content\/uploads\/2015\/09\/IMG_4883-50x50.jpg\" title=\"\" rel=\"\" srcset=\"https:\/\/waldkritik.de\/wp-content\/uploads\/2015\/09\/IMG_4883.jpg 640w, https:\/\/waldkritik.de\/wp-content\/uploads\/2015\/09\/IMG_4883-300x225.jpg 300w\" sizes=\"auto, (max-width: 640px) 100vw, 640px\" \/><img loading=\"lazy\" decoding=\"async\" width=\"640\" height=\"480\" src=\"https:\/\/waldkritik.de\/wp-content\/uploads\/2015\/09\/IMG_4882.jpg\" class=\"slider-1228 slide-1219 msDefaultImage\" alt=\"\" data-caption=\"\" data-thumb=\"https:\/\/waldkritik.de\/wp-content\/uploads\/2015\/09\/IMG_4882-50x50.jpg\" title=\"\" rel=\"\" srcset=\"https:\/\/waldkritik.de\/wp-content\/uploads\/2015\/09\/IMG_4882.jpg 640w, https:\/\/waldkritik.de\/wp-content\/uploads\/2015\/09\/IMG_4882-300x225.jpg 300w\" sizes=\"auto, (max-width: 640px) 100vw, 640px\" \/><img loading=\"lazy\" decoding=\"async\" width=\"640\" height=\"480\" src=\"https:\/\/waldkritik.de\/wp-content\/uploads\/2015\/09\/IMG_4875.jpg\" class=\"slider-1228 slide-1225 msDefaultImage\" alt=\"\" data-caption=\"\" data-thumb=\"https:\/\/waldkritik.de\/wp-content\/uploads\/2015\/09\/IMG_4875-50x50.jpg\" title=\"\" rel=\"\" srcset=\"https:\/\/waldkritik.de\/wp-content\/uploads\/2015\/09\/IMG_4875.jpg 640w, https:\/\/waldkritik.de\/wp-content\/uploads\/2015\/09\/IMG_4875-300x225.jpg 300w\" sizes=\"auto, (max-width: 640px) 100vw, 640px\" \/><img loading=\"lazy\" decoding=\"async\" width=\"640\" height=\"480\" src=\"https:\/\/waldkritik.de\/wp-content\/uploads\/2015\/09\/IMG_4876.jpg\" class=\"slider-1228 slide-1224 msDefaultImage\" alt=\"\" data-caption=\"\" data-thumb=\"https:\/\/waldkritik.de\/wp-content\/uploads\/2015\/09\/IMG_4876-50x50.jpg\" title=\"\" rel=\"\" srcset=\"https:\/\/waldkritik.de\/wp-content\/uploads\/2015\/09\/IMG_4876.jpg 640w, https:\/\/waldkritik.de\/wp-content\/uploads\/2015\/09\/IMG_4876-300x225.jpg 300w\" sizes=\"auto, (max-width: 640px) 100vw, 640px\" \/><img loading=\"lazy\" decoding=\"async\" width=\"480\" height=\"640\" src=\"https:\/\/waldkritik.de\/wp-content\/uploads\/2015\/09\/IMG_4877.jpg\" class=\"slider-1228 slide-1223 msDefaultImage\" alt=\"\" data-caption=\"\" data-thumb=\"https:\/\/waldkritik.de\/wp-content\/uploads\/2015\/09\/IMG_4877-50x50.jpg\" title=\"\" rel=\"\" srcset=\"https:\/\/waldkritik.de\/wp-content\/uploads\/2015\/09\/IMG_4877.jpg 480w, https:\/\/waldkritik.de\/wp-content\/uploads\/2015\/09\/IMG_4877-225x300.jpg 225w\" sizes=\"auto, (max-width: 480px) 100vw, 480px\" \/><img loading=\"lazy\" decoding=\"async\" width=\"480\" height=\"640\" src=\"https:\/\/waldkritik.de\/wp-content\/uploads\/2015\/09\/IMG_4878.jpg\" class=\"slider-1228 slide-1222 msDefaultImage\" alt=\"\" data-caption=\"\" data-thumb=\"https:\/\/waldkritik.de\/wp-content\/uploads\/2015\/09\/IMG_4878-50x50.jpg\" title=\"\" rel=\"\" srcset=\"https:\/\/waldkritik.de\/wp-content\/uploads\/2015\/09\/IMG_4878.jpg 480w, https:\/\/waldkritik.de\/wp-content\/uploads\/2015\/09\/IMG_4878-225x300.jpg 225w\" sizes=\"auto, (max-width: 480px) 100vw, 480px\" \/><img loading=\"lazy\" decoding=\"async\" width=\"640\" height=\"480\" src=\"https:\/\/waldkritik.de\/wp-content\/uploads\/2015\/09\/IMG_4879.jpg\" class=\"slider-1228 slide-1221 msDefaultImage\" alt=\"\" data-caption=\"\" data-thumb=\"https:\/\/waldkritik.de\/wp-content\/uploads\/2015\/09\/IMG_4879-50x50.jpg\" title=\"\" rel=\"\" srcset=\"https:\/\/waldkritik.de\/wp-content\/uploads\/2015\/09\/IMG_4879.jpg 640w, https:\/\/waldkritik.de\/wp-content\/uploads\/2015\/09\/IMG_4879-300x225.jpg 300w\" sizes=\"auto, (max-width: 640px) 100vw, 640px\" \/><\/div><\/div>\n        \n    <\/div>\n<\/div><\/p>\n<p style=\"text-align: justify;\"><span style=\"color: #008000;\"><strong><em>Auf dieses Schreiben bekam Familie Schild einen Antwortbrief von Herrn G\u00f6tz Graf B\u00fclow von Dennewitz, dem stellvertretenden Leiter der Abteilung 34 &#8211; Forst beim Landratsamt T\u00fcbingen:<\/em><\/strong><\/span><\/p>\n<p style=\"text-align: justify;\"><a href=\"https:\/\/waldkritik.de\/wp-content\/uploads\/2015\/09\/Brief-Familie-Schild-01.jpg\"><img loading=\"lazy\" decoding=\"async\" class=\"alignleft wp-image-1230 size-medium\" src=\"https:\/\/waldkritik.de\/wp-content\/uploads\/2015\/09\/Brief-Familie-Schild-01-214x300.jpg\" alt=\"Brief Familie Schild 01\" width=\"214\" height=\"300\" srcset=\"https:\/\/waldkritik.de\/wp-content\/uploads\/2015\/09\/Brief-Familie-Schild-01-214x300.jpg 214w, https:\/\/waldkritik.de\/wp-content\/uploads\/2015\/09\/Brief-Familie-Schild-01-731x1024.jpg 731w, https:\/\/waldkritik.de\/wp-content\/uploads\/2015\/09\/Brief-Familie-Schild-01.jpg 1000w\" sizes=\"auto, (max-width: 214px) 100vw, 214px\" \/><\/a> <a href=\"https:\/\/waldkritik.de\/wp-content\/uploads\/2015\/09\/Brief-Familie-Schild-02.jpg\"><img loading=\"lazy\" decoding=\"async\" class=\" wp-image-1231 size-medium alignnone\" src=\"https:\/\/waldkritik.de\/wp-content\/uploads\/2015\/09\/Brief-Familie-Schild-02-213x300.jpg\" alt=\"Brief Familie Schild 02\" width=\"213\" height=\"300\" srcset=\"https:\/\/waldkritik.de\/wp-content\/uploads\/2015\/09\/Brief-Familie-Schild-02-213x300.jpg 213w, https:\/\/waldkritik.de\/wp-content\/uploads\/2015\/09\/Brief-Familie-Schild-02-726x1024.jpg 726w, https:\/\/waldkritik.de\/wp-content\/uploads\/2015\/09\/Brief-Familie-Schild-02.jpg 1000w\" sizes=\"auto, (max-width: 213px) 100vw, 213px\" \/><\/a><\/p>\n<p style=\"text-align: justify;\"><span style=\"color: #008000;\"><em><strong>Woraufhin Familie Schild Herrn Graf B\u00fclow wie folgt geantwortet hat:<\/strong><\/em><\/span><\/p>\n<p style=\"text-align: justify;\">Sehr geehrter Graf B\u00fclow,<br \/>\nvielen Dank f\u00fcr Ihr Schreiben.<br \/>\nVermutlich wurde unsere Mail vom 18. (nicht: 20.) Oktober gr\u00fcndlich missverstanden. Unser Spaziergang war keineswegs beeintr\u00e4chtigt. Wo es zu nass ist, muss man ja nicht unbedingt laufen. Und gegen die Holzwirtschaft haben wir grunds\u00e4tzlich auch nichts.<br \/>\nWir hatten aber den Eindruck, dass bei der Holzernte dieses Jahr mehr Sch\u00e4den angerichtet wurden als in den Jahren zuvor. Entweder wurde zu schweres Ger\u00e4t eingesetzt oder zu wenig R\u00fccksicht auf die Witterungsverh\u00e4ltnisse genommen. Gerade weil Ihr Amt sehr viel f\u00fcr den Sch\u00f6nbuch als Naherholungsgebiet leistet, sollte darauf geachtet werden, dass die Forstwirtschaft beim Publikum nicht in Misskredit ger\u00e4t. Dass es auch anders geht, war erst am 21.10. in der Kreiszeitung B\u00f6blinger Bote zu lesen, in einem Bericht \u00fcber den Waldbegang Holzgerlinger und Sch\u00f6naicher Ratsmitglieder in deren gemeinsamem Forstrevier.<br \/>\nMit freundlichen Gr\u00fc\u00dfen,<br \/>\nSigrid+Peter Schild<\/p>\n","protected":false},"excerpt":{"rendered":"<p>Auf dieser Seite finden Sie Zuschriften unserer Leser, die sie uns zur Ver\u00f6ffentlichung geschickt haben. Wenn auch Sie Ihrer Stimme Geh\u00f6r verschaffen m\u00f6chten, dann k\u00f6nnen Sie uns gerne Leserbriefe oder Korrespondenzen mit offiziellen Beh\u00f6rden schicken, denn nur gemeinsam k\u00f6nnen wir etwas an der \u00fcberkommenen Forstpraxis \u00e4ndern: Leserbrief zum Artikel \u00fcber unser Bodenschutzkonzept im Schw\u00e4bischen Tagblatt: &hellip; <a href=\"https:\/\/waldkritik.de\/?page_id=1217\" class=\"more-link\"><span class=\"screen-reader-text\">Zuschriften unserer Leser<\/span> weiterlesen <span class=\"meta-nav\">&rarr;<\/span><\/a><\/p>\n","protected":false},"author":1,"featured_media":0,"parent":0,"menu_order":0,"comment_status":"open","ping_status":"closed","template":"","meta":{"footnotes":""},"class_list":["post-1217","page","type-page","status-publish","hentry"],"_links":{"self":[{"href":"https:\/\/waldkritik.de\/index.php?rest_route=\/wp\/v2\/pages\/1217","targetHints":{"allow":["GET"]}}],"collection":[{"href":"https:\/\/waldkritik.de\/index.php?rest_route=\/wp\/v2\/pages"}],"about":[{"href":"https:\/\/waldkritik.de\/index.php?rest_route=\/wp\/v2\/types\/page"}],"author":[{"embeddable":true,"href":"https:\/\/waldkritik.de\/index.php?rest_route=\/wp\/v2\/users\/1"}],"replies":[{"embeddable":true,"href":"https:\/\/waldkritik.de\/index.php?rest_route=%2Fwp%2Fv2%2Fcomments&post=1217"}],"version-history":[{"count":12,"href":"https:\/\/waldkritik.de\/index.php?rest_route=\/wp\/v2\/pages\/1217\/revisions"}],"predecessor-version":[{"id":1380,"href":"https:\/\/waldkritik.de\/index.php?rest_route=\/wp\/v2\/pages\/1217\/revisions\/1380"}],"wp:attachment":[{"href":"https:\/\/waldkritik.de\/index.php?rest_route=%2Fwp%2Fv2%2Fmedia&parent=1217"}],"curies":[{"name":"wp","href":"https:\/\/api.w.org\/{rel}","templated":true}]}}