{"id":2,"date":"2014-07-11T19:53:22","date_gmt":"2014-07-11T19:53:22","guid":{"rendered":"http:\/\/waldkritik.de\/?page_id=2"},"modified":"2024-05-04T16:20:47","modified_gmt":"2024-05-04T14:20:47","slug":"beispiel-seite","status":"publish","type":"page","link":"https:\/\/waldkritik.de\/?page_id=2","title":{"rendered":"Impressum"},"content":{"rendered":"<p style=\"text-align: justify;\">Mit diesem Blog sind keine wirtschaftlichen oder einseitig politische Interessen verbunden. Der Blog ist von dem Wunsch getragen, da\u00df sich alle Menschen, die wirklich am Wald selbst interessiert sind, miteinander austauschen k\u00f6nnen. Selbstverst\u00e4ndlich bleiben deshalb die Text- und Bildrechte der einzelnen Autoren ausdr\u00fccklich bei den jeweiligen Autoren.<\/p>\n<p style=\"text-align: justify;\">Da &#8211; wie gesagt &#8211; mit dem Blog keinerlei wirtschaftlichen Interessen verbunden sind, bitten wir (alle Autoren) um Nachsicht, falls wir unwissentlich irgendwelche Copyrights verletzen sollten. Oberstes Prinzip sollte immer das Weitertragen des Inhalts sein, gerne sind wir bereit an den jeweiligen Stellen auf Ver\u00f6ffentlichungen, Verlage oder andere Webseiten hinzuweisen, kurze Mitteilung gen\u00fcgt! Schade w\u00e4re es, wenn nur aus geringen, wirtschaftlichen Interessen heraus Inhalte unterdr\u00fccken w\u00fcrden, wer dies allerdings w\u00fcnscht, dem werde wir nat\u00fcrlich entsprechen.<\/p>\n<p style=\"text-align: justify;\"><strong>Kontakt mit der Initiative:<\/strong><\/p>\n<p style=\"text-align: justify;\">Bitte \u00fcber unseren Pressesprecher, Herrn Harald Kunz:<br \/>\n<a href=\"mailto:harald.kunz@waldkritik.de\" target=\"_blank\" rel=\"noopener\">harald.kunz@waldkritik.de<\/a><\/p>\n<p style=\"text-align: justify;\"><span style=\"color: #ffffff;\">.<\/span><\/p>\n<p style=\"text-align: justify;\"><strong>Grunds\u00e4tzlich gilt:<\/strong><\/p>\n<p style=\"text-align: justify;\">Die durch die jeweiligen Autoren erstellten Inhalte \u2013 vor allem Photographien und Texte \u2013 auf diesen Seiten unterliegen dem deutschen Urheberrecht. Die Vervielf\u00e4ltigung, Bearbeitung, Verbreitung und jede Art der Verwertung au\u00dferhalb der Grenzen des Urheberrechtes bed\u00fcrfen daher der schriftlichen Zustimmung.<\/p>\n<p style=\"text-align: justify;\">Die Vermarktungsrechte aller in diesem Blog verwendeten Bilder &amp; Texte \u2013 soweit sie von den jeweiligen Autoren stammen \u2013 liegen bei den Autoren selbst.<\/p>\n<p style=\"text-align: justify;\">Verantwortlich f\u00fcr den Inhalt des Weblogs nach \u00a7 5 TMG und \u00a7 55 II RStV<\/p>\n<p style=\"text-align: justify;\"><a href=\"mailto:harald.kunz@waldkritik.de\" target=\"_blank\" rel=\"noopener\">harald.kunz@waldkritik.de<\/a><\/p>\n<p style=\"text-align: justify;\">Gem\u00e4\u00df \u00a7 5 des Telemediengesetzes bin ich noch dazu verpflichtet hier folgende Angaben zu machen<\/p>\n<p style=\"text-align: justify;\"><strong>Haftung f\u00fcr Inhalte:<\/strong><br \/>\nDie Inhalte dieser Seiten wurden mit gr\u00f6\u00dfter Sorgfalt erstellt. F\u00fcr die Richtigkeit, Vollst\u00e4ndigkeit und Aktualit\u00e4t der Inhalte k\u00f6nnen wir jedoch keine Gew\u00e4hr \u00fcbernehmen. Als Diensteanbieter sind wir gem\u00e4\u00df \u00a7 6 Abs.1 MDStV und \u00a7 8 Abs.1 TDG f\u00fcr eigene Inhalte auf diesen Seiten nach den allgemeinen Gesetzen verantwortlich. Diensteanbieter sind jedoch nicht verpflichtet, die von ihnen \u00fcbermittelten oder gespeicherten fremden Informationen zu \u00fcberwachen oder nach Umst\u00e4nden zu forschen, die auf eine rechtswidrige T\u00e4tigkeit hinweisen. Verpflichtungen zur Entfernung oder Sperrung der Nutzung von Informationen nach den allgemeinen Gesetzen bleiben hiervon unber\u00fchrt. Eine diesbez\u00fcgliche Haftung ist jedoch erst ab dem Zeitpunkt der Kenntnis einer konkreten Rechtsverletzung m\u00f6glich. Bei bekannt werden von entsprechenden Rechtsverletzungen werden wir diese Inhalte umgehend entfernen.<\/p>\n<p style=\"text-align: justify;\"><strong>Haftung f\u00fcr Links:<\/strong><br \/>\nUnser Angebot enth\u00e4lt Links zu externen Webseiten Dritter, auf deren Inhalte wir keinen Einfluss habe. Deshalb k\u00f6nnen wir f\u00fcr diese fremden Inhalte auch keine Gew\u00e4hr \u00fcbernehmen. F\u00fcr die Inhalte der verlinkten Seiten ist stets der jeweilige Anbieter oder Betreiber der Seiten verantwortlich. Die verlinkten Seiten wurden zum Zeitpunkt der Verlinkung auf m\u00f6gliche Rechtsverst\u00f6\u00dfe \u00fcberpr\u00fcft. Rechtswidrige Inhalte waren zum Zeitpunkt der Verlinkung nicht erkennbar. Eine permanente inhaltliche Kontrolle der verlinkten Seiten ist jedoch ohne konkrete Anhaltspunkte einer Rechtsverletzung nicht zumutbar. Bei bekannt werden von Rechtsverletzungen werde ich derartige Links umgehend entfernen.<\/p>\n<p style=\"text-align: justify;\"><strong>Urheberrecht:<\/strong><br \/>\nAls Betreiber dieser Seiten sind wir bem\u00fcht, stets die Urheberrechte anderer zu beachten bzw. auf selbst erstellte sowie lizenzfreie Werke zur\u00fcckzugreifen.<br \/>\nDie durch die Seitenbetreiber erstellten Inhalte und Werke auf diesen Seiten unterliegen dem deutschen Urheberrecht. Beitr\u00e4ge Dritter sind als solche gekennzeichnet. Die Vervielf\u00e4ltigung, Bearbeitung, Verbreitung und jede Art der Verwertung au\u00dferhalb der Grenzen des Urheberrechtes bed\u00fcrfen der schriftlichen Zustimmung des jeweiligen Autors bzw. Erstellers. Downloads und Kopien dieser Seite sind nur f\u00fcr den privaten, nicht kommerziellen Gebrauch gestattet.<br \/>\nDie Text- und Bildrechte der einzelnen Autoren bleiben ausdr\u00fccklich bei den jeweiligen Autoren.<\/p>\n<p style=\"text-align: justify;\"><strong>Datenschutz:<\/strong><br \/>\nSoweit auf unseren Seiten personenbezogene Daten (beispielsweise Name, Anschrift oder eMail-Adressen) erhoben werden, erfolgt dies soweit m\u00f6glich stets auf freiwilliger Basis. Die Nutzung der Angebote und Dienste ist, soweit m\u00f6glich, stets ohne Angabe personenbezogener Daten m\u00f6glich.<br \/>\nAlle Ihre Daten werden unter Beachtung der einschl\u00e4gigen Vorschriften der Bundesdatenschutzgesetze (BDSG) und des Telemediengesetzes (TMG) vom Seitenbetreiber gespeichert. Sie haben jederzeit ein Recht auf kostenlose Auskunft, Berichtigung, Sperrung und L\u00f6schung Ihrer gespeicherten Daten. Sie k\u00f6nnen dies per Email tun. Wir geben Ihre Daten nicht an fremde Dritte zu Werbezwecken weiter!<br \/>\nDer Nutzung von im Rahmen der Impressumspflicht ver\u00f6ffentlichten Kontaktdaten durch Dritte zur \u00dcbersendung von nicht ausdr\u00fccklich angeforderter Werbung und Informationsmaterialien wird hiermit ausdr\u00fccklich widersprochen. Die Betreiber der Seiten behalten sich ausdr\u00fccklich rechtliche Schritte im Falle der unverlangten Zusendung von Werbeinformationen, etwa durch Spam-Mails, vor.<\/p>\n","protected":false},"excerpt":{"rendered":"<p>Mit diesem Blog sind keine wirtschaftlichen oder einseitig politische Interessen verbunden. Der Blog ist von dem Wunsch getragen, da\u00df sich alle Menschen, die wirklich am Wald selbst interessiert sind, miteinander austauschen k\u00f6nnen. Selbstverst\u00e4ndlich bleiben deshalb die Text- und Bildrechte der einzelnen Autoren ausdr\u00fccklich bei den jeweiligen Autoren. Da &#8211; wie gesagt &#8211; mit dem Blog &hellip; <a href=\"https:\/\/waldkritik.de\/?page_id=2\" class=\"more-link\"><span class=\"screen-reader-text\">Impressum<\/span> weiterlesen <span class=\"meta-nav\">&rarr;<\/span><\/a><\/p>\n","protected":false},"author":1,"featured_media":0,"parent":0,"menu_order":0,"comment_status":"open","ping_status":"closed","template":"","meta":{"footnotes":""},"class_list":["post-2","page","type-page","status-publish","hentry"],"_links":{"self":[{"href":"https:\/\/waldkritik.de\/index.php?rest_route=\/wp\/v2\/pages\/2","targetHints":{"allow":["GET"]}}],"collection":[{"href":"https:\/\/waldkritik.de\/index.php?rest_route=\/wp\/v2\/pages"}],"about":[{"href":"https:\/\/waldkritik.de\/index.php?rest_route=\/wp\/v2\/types\/page"}],"author":[{"embeddable":true,"href":"https:\/\/waldkritik.de\/index.php?rest_route=\/wp\/v2\/users\/1"}],"replies":[{"embeddable":true,"href":"https:\/\/waldkritik.de\/index.php?rest_route=%2Fwp%2Fv2%2Fcomments&post=2"}],"version-history":[{"count":5,"href":"https:\/\/waldkritik.de\/index.php?rest_route=\/wp\/v2\/pages\/2\/revisions"}],"predecessor-version":[{"id":7558,"href":"https:\/\/waldkritik.de\/index.php?rest_route=\/wp\/v2\/pages\/2\/revisions\/7558"}],"wp:attachment":[{"href":"https:\/\/waldkritik.de\/index.php?rest_route=%2Fwp%2Fv2%2Fmedia&parent=2"}],"curies":[{"name":"wp","href":"https:\/\/api.w.org\/{rel}","templated":true}]}}