{"id":583,"date":"2015-01-24T16:52:55","date_gmt":"2015-01-24T14:52:55","guid":{"rendered":"http:\/\/waldkritik.de\/?page_id=583"},"modified":"2017-01-23T22:14:57","modified_gmt":"2017-01-23T20:14:57","slug":"eine-link-liste-unserer-leser","status":"publish","type":"page","link":"https:\/\/waldkritik.de\/?page_id=583","title":{"rendered":"Eine LINK-LISTE unserer Leser!"},"content":{"rendered":"<p style=\"text-align: justify;\">In der nachfolgenden Liste finden Sie <em><strong>LINKS<\/strong><\/em>, die unsere Leser uns zur Ver\u00f6ffentlichung geschickt haben. Wir freuen uns, wenn auch Sie uns interessante Links schicken, die Sie gefunden haben und die Sie f\u00fcr so interessant und wichtig erachten, da\u00df wir sie in dieser Liste aufnehmen sollen. Der neueste Link, der bei uns eingeht, steht immer oben und ist zur schnellen Orientierung zus\u00e4tzlich mit dem Button <em><strong>&#8220;NEU&#8221;<\/strong><\/em> gekennzeichnet.<\/p>\n<p style=\"text-align: justify;\"><a title=\"Weiter zum Beitrag\" href=\"http:\/\/dabonline.de\/2013\/04\/30\/%E2%80%9Eokologie-und-asthetik-gehoren-zusammen-landschaft-naturschutz\/\" target=\"_blank\"><strong><img loading=\"lazy\" decoding=\"async\" class=\" alignleft wp-image-587\" src=\"https:\/\/waldkritik.de\/wp-content\/uploads\/2015\/01\/NEU.png\" alt=\"NEU\" width=\"92\" height=\"126\" \/><\/strong><\/a><strong><a href=\"http:\/\/www.ahabc.de\/gentransfer-auf-der-pilzautobahn\/\">Gentransfer auf der Pilzautobahn<\/a><\/strong><\/p>\n<p style=\"text-align: justify;\"><i>Pilze spielen im hochkomplexen Lebensraum Boden also eine sehr wichtige Rolle: Bei der Verbreitung von Bakterien, ihrer genetischen Anpassung und Vielfalt und letztlich auch der Evolution von Bodenbakterien.<\/i><\/p>\n<p><span style=\"color: #ffffff;\">.<\/span><\/p>\n<p style=\"text-align: justify;\"><strong><a href=\"http:\/\/www.eu-koordination.de\/umweltnews\/news\/naturschutz-biodiversitaet\/3526-umweltministerinnen-unterstuetzen-eu-naturschutzgesetze-und-liste-invasiver-gebietsfremder-arten\" target=\"_blank\">UmweltministerInnen unterst\u00fctzen EU-Naturschutzgesetze und Liste invasiver gebietsfremder Arten<\/a><\/strong><\/p>\n<p style=\"text-align: justify;\">Mittwoch, 16. Dezember 2015<\/p>\n<p>Die EU-Vogelschutz- und Fauna-Flora-Habitatrichtlinie m\u00fcssen erhalten und ihre Umsetzung verbessert werden. Das haben die zust\u00e4ndigen MinisterInnen der EU-Mitgliedstaaten bei der Diskussion der Halbzeitbewertung der EU-Biodiversit\u00e4tsstrategie in ihren Schlussfolgerungen beim Umweltrat am heutigen Mittwoch beschlossen.<\/p>\n<p><span style=\"color: #ffffff;\">.<\/span><\/p>\n<p style=\"text-align: justify;\"><strong><a href=\"http:\/\/www.europarl.europa.eu\/sides\/getDoc.do?pubRef=-%2F%2FEP%2F%2FTEXT+REPORT+A8-2016-0003+0+DOC+XML+V0%2F%2FDE#title1\" target=\"_blank\">Bericht \u00fcber die Halbzeitbewertung der Strategie der EU zur Erhaltung der biologischen Vielfalt<\/a><\/strong><\/p>\n<p style=\"text-align: justify;\">Nicht uninteressant wie so ein EU Bericht daherkommt &#8230;<\/p>\n<p style=\"text-align: justify;\"><span style=\"color: #ffffff;\">.<\/span><\/p>\n<p style=\"text-align: justify;\"><em><span style=\"color: #008000;\"><strong>Auf ganz nat\u00fcrliche Weise herrscht zwischen B\u00e4umen und Pilzen eine Win-Win-Situation<\/strong><\/span><\/em><\/p>\n<p style=\"text-align: justify;\">Weil gerade Pilzsaison ist: Im Wald wachsen nicht einfach Pilze zwischen B\u00e4umen! Unter der Oberfl\u00e4che befindet sich das &#8220;wood-wide-web&#8221; (Peter Wohlleben) &#8211; die Pflanzen sind vernetzt und tauschen Informationen aus.<\/p>\n<p>Jeder, der den Einsatz von Vollerntern (Harvestern) und Forwardern auf R\u00fcckegassen als naturnah bezeichnet, sollte sich diesen kurzen Film so oft ansehen, bis er verstanden hat, was der ungez\u00fcgelte Einsatz von Harvestern und Forwardern z.B. im Sch\u00f6nbuch, wie in jedem anderen Waldorganismus, dem &#8220;wood-wide-web&#8221; antut:<\/p>\n<div id=\"kgvid_kgvid_0_wrapper\" class=\"kgvid_wrapper\">\n\t\t\t<div id=\"video_kgvid_0_div\" class=\"fitvidsignore kgvid_videodiv\" data-id=\"kgvid_0\" data-kgvid_video_vars=\"{&quot;id&quot;:&quot;kgvid_0&quot;,&quot;attachment_id&quot;:1367,&quot;player_type&quot;:&quot;Video.js v8&quot;,&quot;width&quot;:&quot;426&quot;,&quot;height&quot;:&quot;240&quot;,&quot;fullwidth&quot;:&quot;false&quot;,&quot;fixed_aspect&quot;:&quot;false&quot;,&quot;countable&quot;:true,&quot;count_views&quot;:&quot;quarters&quot;,&quot;start&quot;:&quot;&quot;,&quot;autoplay&quot;:&quot;false&quot;,&quot;pauseothervideos&quot;:&quot;false&quot;,&quot;set_volume&quot;:&quot;1&quot;,&quot;muted&quot;:&quot;false&quot;,&quot;meta&quot;:true,&quot;endofvideooverlay&quot;:&quot;&quot;,&quot;resize&quot;:&quot;true&quot;,&quot;auto_res&quot;:&quot;automatic&quot;,&quot;pixel_ratio&quot;:&quot;true&quot;,&quot;right_click&quot;:&quot;on&quot;,&quot;playback_rate&quot;:&quot;false&quot;,&quot;title&quot;:&quot;Waldboden&quot;,&quot;skip_buttons&quot;:[],&quot;nativecontrolsfortouch&quot;:&quot;true&quot;,&quot;locale&quot;:&quot;de&quot;,&quot;enable_resolutions_plugin&quot;:false}\" itemprop=\"video\" itemscope itemtype=\"https:\/\/schema.org\/VideoObject\"><meta itemprop=\"embedUrl\" content=\"https:\/\/waldkritik.de\/?attachment_id=1367&#038;videopack%5Benable%5D=true\"><meta itemprop=\"contentUrl\" content=\"https:\/\/waldkritik.de\/wp-content\/uploads\/2015\/01\/Waldboden.mp4\"><meta itemprop=\"name\" content=\"Waldboden\"><meta itemprop=\"description\" content=\"Video\"><meta itemprop=\"uploadDate\" content=\"2015-10-12T20:29:02+02:00\">\n\t\t\t\t<video id=\"video_kgvid_0\" playsinline controls preload=\"metadata\" width=\"426\" height=\"240\" class=\"fitvidsignore video-js kg-video-js-skin\">\n\t\t\t\t\t<source src=\"https:\/\/waldkritik.de\/wp-content\/uploads\/2015\/01\/Waldboden.mp4?id=0\" type=\"video\/mp4\" data-res=\"240p\">\n\t\t\t\t<\/video>\n\t\t\t<\/div>\n\t\t\t<div style=\"display:none\" id=\"video_kgvid_0_meta\" class=\"kgvid_video_meta kgvid_video_meta_hover \">\n\t\t\t\t<span class='kgvid_meta_icons'><\/span>\n\t\t\t\t<span id='video_kgvid_0_title' class='kgvid_title'>Waldboden<\/span>\n<\/div>\n\t\t<\/div>\n<p style=\"text-align: justify;\"><span style=\"color: #ffffff;\">:<\/span><\/p>\n<p style=\"text-align: justify;\"><em><span style=\"color: #008000;\"><strong><a style=\"color: #008000;\" href=\"http:\/\/www.derwesten.de\/staedte\/essen\/viele-essener-sind-taeglich-im-wald-id11144317.html\" target=\"_blank\">Viele Essener sind t\u00e4glich im Wald<\/a><\/strong><\/span><\/em><\/p>\n<p style=\"text-align: justify;\">Eine Umfrage der Stadt Essen im Rahmen des \u201eBeteiligungsprozesses Wald\u201c belegt viel Interesse und eine hohe Nutzungsintensit\u00e4t. Im \u201eBeteiligungsprozess Wald\u201c, in dem B\u00fcrger ihre Ideen und Gedanken in den k\u00fcnftigen Forstbetriebsplan einbringen k\u00f6nnen, wurde gestern der n\u00e4chste Schritt gemacht: Die Stadt pr\u00e4sentierte eine Umfrage unter Essener Waldfreunden.<\/p>\n<p style=\"text-align: justify;\"><span style=\"color: #008000;\"><strong><a style=\"color: #008000;\" href=\"http:\/\/www.sueddeutsche.de\/muenchen\/freising\/erschreckende-bestandsaufnahme-im-wald-hochkomplex-und-in-minuten-ruiniert-1.2668319\" target=\"_blank\">Der Boden &#8211; hoch komplex und in Minuten ruiniert<\/a><\/strong><\/span><\/p>\n<p style=\"text-align: justify;\">35 Kilometer ist die Erdkruste im Durchschnitt nur dick, von der wiederum der \u00e4u\u00dferste Meter das \u00dcberleben von Mensch und Tier sichert. &#8220;Von diesem Meter sind es dann noch mal die oberen zehn Zentimeter, in denen die Musik spielt&#8221;, erkl\u00e4rt Christian K\u00f6lling, Leiter der Abteilung &#8220;Boden und Klima&#8221; der Bayerischen Landesanstalt f\u00fcr Wald und Forstwirtschaft. Und weil die n\u00e4hrende H\u00fclle der Erde so d\u00fcnn ist, und weltweit so wenig auf sie geachtet wird, haben die Vereinten Nationen 2015 zum &#8220;Jahr des Bodens&#8221; ausgerufen.<\/p>\n<p style=\"text-align: justify;\"><a title=\"Weiter zum Beitrag\" href=\"http:\/\/dabonline.de\/2013\/04\/30\/%E2%80%9Eokologie-und-asthetik-gehoren-zusammen-landschaft-naturschutz\/\" target=\"_blank\"><strong>\u00d6kologie und \u00c4sthetik geh\u00f6ren zusammen<\/strong><\/a><\/p>\n<p style=\"text-align: justify;\">Wie vertragen sich unber\u00fchrte Natur und gestaltete Landschaft? Bedroht die Energiewende unsere sichtbare Umwelt? Antworten und L\u00f6sungsvorschl\u00e4ge von Beate Jessel, Pr\u00e4sidentin des Bundesamts f\u00fcr Naturschutz<\/p>\n<p style=\"text-align: justify;\"><strong><a title=\"Weiter zum Bodenschutz Artikel\" href=\"http:\/\/www.wsl.ch\/dienstleistungen\/publikationen\/pdf\/10481.pdf\" target=\"_blank\"><span style=\"color: #008000;\">Physikalischer Bodenschutz beim Einsatz von Forstmaschinen <\/span><\/a><\/strong><\/p>\n<p style=\"text-align: justify;\">Ein Beitrag aus der Schweiz von Peter L\u00fcscher, Fritz Frutig, St\u00e9phane Sciacca, Sandra Spjevak und Oliver Thees<\/p>\n<p style=\"text-align: justify;\">Boden\u00a0 ist\u00a0 eine\u00a0 nicht\u00a0 erneuerbare Ressource.\u00a0 Deshalb\u00a0 kommt\u00a0 dem Schutz des Bodens in seiner Funktion als Lebensgrundlage f\u00fcr k\u00fcnftige\u00a0 Generationen\u00a0 eine\u00a0 besondere Bedeutung zu.<br \/>\nB\u00f6den sind auch im Wald zunehmend durch ein weites Spektrum\u00a0 menschlicher\u00a0 Einfl\u00fcsse gef\u00e4hrdet. Risiken entstehen insbesondere\u00a0 beim\u00a0 Einsatz\u00a0 von\u00a0 Forstmaschinen in der Holzernte. Langfristige Beeintr\u00e4chtigungen\u00a0\u00a0 der Bodenfruchtbarkeit\u00a0 sind\u00a0 m\u00f6glich. Diese wirken sich nachteilig auf die Funktionen\u00a0 und\u00a0 Leistungen\u00a0 des Waldes und seine nachhaltige Nutzung\u00a0 aus.\u00a0 Darum\u00a0 ist\u00a0 der physikalische\u00a0 Bodenschutz\u00a0 im\u00a0 Umweltschutzgesetz verankert.<\/p>\n<p style=\"text-align: justify;\"><strong><a title=\"Weiter zum Bodenschutz Artikel\" href=\"https:\/\/waldkritik.de\/wp-content\/uploads\/2015\/09\/wald_brief_03_2010.pdf\" target=\"_blank\"><span style=\"color: #008000;\">Bodenzerst\u00f6rung in Niedersachsens W\u00e4ldern \u2013 <\/span><\/a><\/strong><br \/>\n<strong><a title=\"Weiter zum Bodenschutz Artikel\" href=\"https:\/\/waldkritik.de\/wp-content\/uploads\/2015\/09\/wald_brief_03_2010.pdf\" target=\"_blank\"><span style=\"color: #008000;\">das Verschweigen einer tickenden Zeitbombe <\/span><\/a><\/strong><\/p>\n<p style=\"text-align: justify;\">Ein sehr guter &#8211;\u00a0 weil sachlicher &#8211; Artikel zum\u00a0 Thema Bodenzerst\u00f6rung und Bodenschutz im Wald von Karl-Friedrich Weber, dem Betreiber der Seite &#8220;Waldwahrheit&#8221;.<\/p>\n<p style=\"text-align: justify;\"><strong><a title=\"Weiter zum Beitrag\" href=\"http:\/\/www.greenpeace.de\/presse\/publikationen\/positionspapier-buergerwald-im-21-jahrhundert\" target=\"_blank\"><span style=\"color: #008000;\">B\u00fcrgerwald im 21. Jahrhundert<\/span><\/a><\/strong><\/p>\n<p style=\"text-align: justify;\">Greenpeace und BUND Naturschutz in Bayern fordern eine Neuausrichtung f\u00fcr den \u00f6ffentlichen Wald in Bayern. Die f\u00fcr das Gemeinwohl wichtigen Waldfunktionen wie Erholung, Natur-, Klima- und Hochwasserschutz werden nicht vorrangig und vorbildlich erf\u00fcllt.<\/p>\n<p style=\"text-align: justify;\"><a title=\"Weiter zum Beitrag\" href=\"http:\/\/www.wetter.com\/news\/krimi-in-rumaenien-paradies-wird-abgeholzt_aid_20756.html\" target=\"_blank\"><strong><span style=\"color: #008000;\">Krimi in Rum\u00e4nien: Paradies wird abgeholzt<\/span><\/strong><\/a><\/p>\n<p style=\"text-align: justify;\">Holz ist in Rum\u00e4nien ein hochpolitisches Thema. Wegen legaler und illegaler Abholzung droht ein ganzes Naturparadies zu verschwinden. Es geht auch um wirtschaftlichen Druck.<\/p>\n<p style=\"text-align: justify;\"><strong><a title=\"Weiter zur Studie\" href=\"https:\/\/www.uni-jena.de\/Forschungsmeldungen\/FM150727_Waldbiodiversitaet.html\" target=\"_blank\"><span style=\"color: #008000;\">W\u00e4lder im Wandel \u2013 was die Artenvielfalt beeinflusst<\/span><\/a><\/strong><\/p>\n<p style=\"text-align: justify;\">\u00d6kologenteam legt detaillierte Biodiversit\u00e4tsanalyse f\u00fcr gem\u00e4\u00dfigte W\u00e4lder in Europa vor<\/p>\n<p style=\"text-align: justify;\">Erlenbruchwald mit dichter Krautschicht. Eine neue Studie hat die Artenvielfalt in W\u00e4ldern der gem\u00e4\u00dfigten Zone Europas umfassend analysiert und dabei festgestellt, dass sich im Mittel die Pflanzenvielfalt in der Krautschicht in den zur\u00fcckliegenden Jahrzehnten nicht ver\u00e4ndert hat. Foto: Markus Bernhardt-R\u00f6mermann\/FSU Erlenbruchwald mit dichter Krautschicht. Eine neue Studie hat die Artenvielfalt in W\u00e4ldern der gem\u00e4\u00dfigten Zone Europas umfassend analysiert und dabei festgestellt, dass sich im Mittel die Pflanzenvielfalt in der Krautschicht in den zur\u00fcckliegenden Jahrzehnten nicht ver\u00e4ndert hat.<\/p>\n<p style=\"text-align: justify;\"><a href=\"https:\/\/waldkritik.de\/wp-content\/uploads\/2015\/01\/Wald2_bernhardt_roemermann-width-3776-height-2520-view_image-1-called_by-unijena-original_site-unijena-original_page-3745621.jpg\"><img loading=\"lazy\" decoding=\"async\" class=\"aligncenter size-full wp-image-1064\" src=\"https:\/\/waldkritik.de\/wp-content\/uploads\/2015\/01\/Wald2_bernhardt_roemermann-width-3776-height-2520-view_image-1-called_by-unijena-original_site-unijena-original_page-3745621.jpg\" alt=\"Wald2_bernhardt_roemermann-width-3776-height-2520-view_image-1-called_by-unijena-original_site-unijena-original_page-374562\" width=\"1000\" height=\"667\" srcset=\"https:\/\/waldkritik.de\/wp-content\/uploads\/2015\/01\/Wald2_bernhardt_roemermann-width-3776-height-2520-view_image-1-called_by-unijena-original_site-unijena-original_page-3745621.jpg 1000w, https:\/\/waldkritik.de\/wp-content\/uploads\/2015\/01\/Wald2_bernhardt_roemermann-width-3776-height-2520-view_image-1-called_by-unijena-original_site-unijena-original_page-3745621-300x200.jpg 300w\" sizes=\"auto, (max-width: 1000px) 100vw, 1000px\" \/><\/a><\/p>\n<p style=\"text-align: justify;\"><strong><span style=\"color: #008000;\"><a title=\"Weiter zum Beitrag\" href=\"http:\/\/www.umweltbundesamt.at\/aktuell\/presse\/lastnews\/news2015\/news_150630\/\" target=\"_blank\">Artenvielfalt sch\u00fctzen \u2013 die Zeit dr\u00e4ngt &gt;&gt;&gt;<\/a><br \/>\n<\/span><\/strong><\/p>\n<p style=\"text-align: justify;\">Wien, 30. Juni 2015 \u2013 Weltweit sind 22.784 Arten gef\u00e4hrdet \u2013 mit steigender Tendenz. Das belegt die im Juni 2015 von der Welt-Naturschutzorganisation IUCN (International Union for Conservation of Nature and Natural Resources) ver\u00f6ffentlichte Rote Liste der Pflanzen- und Tierarten. Das Ausma\u00df dieser Gef\u00e4hrdung wird oft erst versp\u00e4tet erkannt und untersch\u00e4tzt. Eine neue Studie unter der Leitung des Umweltbundesamt-Experten Franz Essl zeigt, welche Mechanismen dazu f\u00fchren, dass Ver\u00e4nderungen der Artenvielfalt verz\u00f6gert wahrgenommen werden und wie die Politik gegensteuern kann. Die Studie wurde am 29. Juni im renommierten Fach-Magazin \u201eTrends in Ecology and Evolution\u201c ver\u00f6ffentlicht.<\/p>\n<p style=\"text-align: justify;\"><span style=\"color: #008000;\"><strong><a style=\"color: #008000;\" title=\"Weiter zum Beitrag\" href=\"https:\/\/de-de.facebook.com\/Rol.ro\/videos\/1016315705073691\/\" target=\"_blank\">Und noch ein passendes Video auf facebook &gt;&gt;&gt;<\/a><\/strong><\/span><\/p>\n<p style=\"text-align: justify;\">Ein Video zum Thema: Legaler und illegaler Holzeinschlag in Rum\u00e4nien.<\/p>\n<p style=\"text-align: justify;\">\u00d6kologisch verantwortliches Handeln ist ebenso ein globales Thema &#8211; wie Gewinnmaximierung der 200 gr\u00f6\u00dften Firmen der Welt!<\/p>\n<p style=\"text-align: justify;\"><a title=\"Weiter zum Beitrag\" href=\"https:\/\/waldkritik.de\/wp-content\/uploads\/2015\/05\/eu_ffh_rl__mahnschr1502271.pdf\" target=\"_blank\"><strong>Mahnung des EU-Kommissars an die Regierung<\/strong><\/a><\/p>\n<p style=\"text-align: justify;\">Deutschland wird von der EU Kommission ger\u00fcgt, nicht den Verpflichtungen nach Ausweisung nat\u00fcrlicher Lebensr\u00e4ume und der Erhaltung wildlebender Tiere und Pflanzen nachgekommen zu sein.<\/p>\n<p style=\"text-align: justify;\">Tag des Baumes :<br \/>\n<strong><a title=\"Weiter zum Zeitungsartikel\" href=\"http:\/\/www.svz.de\/mv-uebersicht\/vergessene-riesen-und-mythische-ruhe-id9547071.html\" target=\"_blank\">Ver<\/a><\/strong><strong><a title=\"Weiter zum Zeitungsartikel\" href=\"http:\/\/www.svz.de\/mv-uebersicht\/vergessene-riesen-und-mythische-ruhe-id9547071.html\" target=\"_blank\">gessene Riesen und mythische Ruhe<\/a><\/strong><\/p>\n<p style=\"text-align: justify;\">Der <em><strong>24. April 2015<\/strong><\/em> ist der <em><strong>Tag des Baumes<\/strong><\/em>. In dem hier verlinkten Artikel wird seiner gedacht und ein St\u00fcck Wald-Geschichte aus Mecklenburg-Vorpommern erz\u00e4hlt.<br \/>\nDenn wenn wir Heutigen durch den Wald gehen, dann haben wir immer noch das spontane Gef\u00fchl ein St\u00fcck unber\u00fchrter Natur zu betreten, doch weit gefehlt, was wir heute in Deutschland an W\u00e4ldern durchwandern ist alles &#8220;zweite Natur&#8221;, die allerdings bereitwillig &#8211; wenn man sie denn l\u00e4\u00dft &#8211; die Aufgaben der &#8220;ersten Natur&#8221; erf\u00fcllt, z.B. uns den f\u00fcr unser Leben notwendigen Sauerstoff zu spenden . . .<\/p>\n<p style=\"text-align: justify;\"><a title=\"Weiter zur Petition\" href=\"https:\/\/idw-online.de\/de\/news628461#\" target=\"_blank\"><strong>Petition f\u00fcr artgerechte Baumhaltung<\/strong><\/a><\/p>\n<p>Forstwissenschaftler erkl\u00e4ren in einem Positionspapier, warum die Massenzucht von B\u00e4umen gegen Grundrechte verst\u00f6\u00dft<\/p>\n<p style=\"text-align: justify;\"><a title=\"Weiter zum Zeitartikel\" href=\"http:\/\/www.spiegel.de\/wissenschaft\/natur\/naturschutzgebiete-in-deutschland-eu-sieht-versaeumnisse-a-1025401.html\" target=\"_blank\"><strong>Beschwerde der EU-Kommission: Deutschland hat zu wenig Naturschutzgebiete<\/strong><\/a><\/p>\n<p style=\"text-align: justify;\">Die Bundesrepublik tut nach Ansicht der EU-Kommission zu wenig f\u00fcr die Ausweisung und den Erhalt von Naturschutzgebieten. Deshalb droht Br\u00fcssel Deutschland nun mit einer Klage vor dem Europ\u00e4ischen Gerichtshof.<\/p>\n<p style=\"text-align: justify;\">Nebenbei bemerkt ist f\u00fcr den\u00a0 Sch\u00f6nbuch auch noch kein Masterplan ausgearbeitet worden, obwohl er FFH- und Vogelschutzgebiet ist (Fauna-Flora-Habitat-Richtlinie und Vogelschutzrichtlinie dienen im Wesentlichen der Umsetzung der <a title=\"Berner Konvention\" href=\"http:\/\/de.wikipedia.org\/wiki\/Berner_Konvention\" target=\"_blank\">Berner Konvention<\/a>. Eines ihrer wesentlichen Instrumente ist ein zusammenh\u00e4ngendes europ\u00e4isches Netz von Schutzgebieten, das <a title=\"Natura 2000\" href=\"http:\/\/de.wikipedia.org\/wiki\/Natura_2000\" target=\"_blank\">Natura 2000<\/a> genannt wird).<\/p>\n<p style=\"text-align: justify;\">Die Initiative &#8220;Waldkritik&#8221; unterst\u00fctzt die <em><strong>Natura 2000 Richtlinie<\/strong><\/em>, in diesem Zusammenhang fordern wir eine \u00d6ffnung der Diskussion, die m\u00f6glichst mit viele Aspekte ein tragf\u00e4higes Zukunftskonzept f\u00fcr den mittleren Neckarraum entwickelt. In diesem Rahmen k\u00f6nnte das <em><strong>&#8220;Modell Sch\u00f6nbuch&#8221;<\/strong><\/em> zu einer tragenden S\u00e4ule werden und ein wichtiger Meilenstein einer anderen, zukunftsf\u00e4higen Waldwirtschaft darstellen, die den Namen &#8220;Nachhaltigkeit&#8221; wirklich verdient und weit \u00fcber die gegenw\u00e4rtigen Vorstellungen in der Forstwirtschaft, die sich auf Feinerschlie\u00dfung durch computergerechte R\u00fcckegassen beschr\u00e4nkt, hinausgehen.<\/p>\n<div class=\"articleheader\">\n<p><a title=\"Weiter zum Zeitartikel\" href=\"http:\/\/www.zeit.de\/wissen\/umwelt\/2015-03\/naturschutz-eu-deutschland\" target=\"_blank\"><strong><span class=\"title\">Deutschland droht EU-Klage wegen Naturschutzm\u00e4ngeln<\/span><\/strong><\/a><\/p>\n<\/div>\n<p class=\"excerpt\" style=\"text-align: justify;\">Die EU wirft Deutschland Vers\u00e4umnisse bei der Ausweisung von Schutzgebieten vor. Im Fall einer erfolgreichen Klage vor dem EuGH droht eine Geldstrafe.<br \/>\nNebenbei bemerkt ist f\u00fcr den\u00a0 Sch\u00f6nbuch auch noch kein Masterplan ausgearbeitet worden, obwohl er FFH- und Vogelschutzgebiet ist (Fauna-Flora-Habitat-Richtlinie und Vogelschutzrichtlinie dienen im Wesentlichen der Umsetzung der <a title=\"Berner Konvention\" href=\"http:\/\/de.wikipedia.org\/wiki\/Berner_Konvention\" target=\"_blank\">Berner Konvention<\/a>. Eines ihrer wesentlichen Instrumente ist ein zusammenh\u00e4ngendes europ\u00e4isches Netz von Schutzgebieten, das <a title=\"Natura 2000\" href=\"http:\/\/de.wikipedia.org\/wiki\/Natura_2000\" target=\"_blank\">Natura 2000<\/a> genannt wird).<\/p>\n<p style=\"text-align: justify;\"><span style=\"color: #008000;\"><strong><a title=\"Naturschutzbericht der Bundesregierung\" href=\"http:\/\/www.bund.net\/nc\/presse\/pressemitteilungen\/detail\/artikel\/naturschutz-in-deutschland-weiter-mangelhaft\/%20\" target=\"_blank\">Naturschutz in Deutschland weiter mangelhaft<\/a><\/strong><\/span><\/p>\n<p style=\"text-align: justify;\">Naturschutzbericht der Bundesregierung offenbart Krise der biologischen Vielfalt \u2013 Verb\u00e4nde fordern Soforthilfeprogramm<\/p>\n<p style=\"text-align: justify;\">Berlin, 4.2.2015: Anl\u00e4sslich des heute im Bundeskabinett verabschiedeten Indikatorenberichts 2014 zur Nationalen Strategie zur biologischen Vielfalt haben deutsche Umweltverb\u00e4nde den voranschreitenden Verlust an Arten und Lebensr\u00e4umen in Deutschland sowie mangelhafte Schutzma\u00dfnahmen kritisiert. Die Bundesregierung sei meilenweit davon entfernt, ihre eigenen Ziele zum Schutz der biologischen Vielfalt in Deutschland zu erreichen. Bund f\u00fcr Umwelt und Naturschutz Deutschland (BUND), Naturschutzbund Deutschland (NABU), WWF Deutschland, Deutsche Umwelthilfe (DUH) sowie der Dachverband Deutscher Naturschutzring (DNR) appellieren deshalb an Bund und L\u00e4nder, ihre Bem\u00fchungen zum Schutz der biologischen Vielfalt rasch zu intensivieren, um Lebensqualit\u00e4t, nat\u00fcrliche Ressourcen und Vielfalt der Arten wirksam zu sichern. Mit der UN-Konvention zur Biologischen Vielfalt und den europ\u00e4ischen Biodiversit\u00e4tszielen gebe es einen klaren Rahmen und in der Nationalen Strategie der Bundesregierung zur biologischen Vielfalt gut gew\u00e4hlte Ziele.<\/p>\n<p style=\"text-align: justify;\"><a title=\"2015 Jahr des Bodens\" href=\"http:\/\/www.nachhaltigkeitsrat.de\/news-nachhaltigkeit\/2015\/2015-01-15\/un-widmen-2015-dem-schutz-der-boeden\/?blstr=0%20\" target=\"_blank\"><strong>Der Nachhaltigkeitsrat zum Thema 2015 Jahr des Bodens!<\/strong><\/a><br \/>\nDie Vereinten Nationen haben 2015 zum Jahr des Bodens ausgerufen. W\u00e4hrend der globale Nahrungsmittelbedarf stetig steigt, geht weltweit immer mehr Land durch Degradation und Versiegelung verloren. Ausgerechnet die EU beansprucht dabei die gr\u00f6\u00dften Fl\u00e4chen au\u00dferhalb der eigenen Grenzen. Doch selbst auf eigenem Territorium lassen Reformen auf sich warten.<\/p>\n<p style=\"text-align: justify;\"><strong><a title=\"Waldbodendegradierung\" href=\"https:\/\/waldkritik.de\/wp-content\/uploads\/2015\/01\/PPN385984391_0129_log19-1.pdf\" target=\"_blank\">Bodendegradierung mehrschichtiger Waldb\u00f6den von Dr. Joachim Eberle aus T\u00fcbingen<\/a><\/strong><br \/>\nWenn man bedenkt, da\u00df das Manuskript von Dr. Eberle zur (von Menschen verursachten) Degradierung der Waldb\u00f6den bereits von 1997 stammt, dann kann man sich schon fragen, wie dick eigentlich der Panzer der Ignoranz gegen\u00fcber den Problemen bei den Verantwortlichen ist, und was eigentlich noch alles geschehen mu\u00df, da\u00df endlich auch mal gehandelt wird und nicht nur gl\u00e4nzende Werbebrosch\u00fcren gedruckt werden!<\/p>\n<p style=\"text-align: justify;\"><a title=\"Die Zerst\u00f6rung des rum\u00e4nischen Waldes\" href=\"http:\/\/www.forumcivique.org\/de\/artikel\/dossier-wald-halt-der-zerst\u00f6rung-des-rum\u00e4nischen-waldes\" target=\"_blank\"><strong>Dossier Wald: Halt der Zerst\u00f6rung des rum\u00e4nischen Waldes<\/strong><\/a><br \/>\nDiesen Link zum &#8220;Europ\u00e4ischen B\u00fcrgerinnen Forum&#8221; hat uns ein Leser unserer Seite geschickt, damit man auch mal \u00fcber den Tellerrand sieht und erfahren kann, wie in anderen L\u00e4ndern &#8211; wie hier in Rum\u00e4nien &#8211; die Waldzerst\u00f6rung, unsere Lebensgrundlage also, voran getrieben wird! Das Dossier ist wirklich zur Lekt\u00fcre dringend empfohlen.<\/p>\n<p style=\"text-align: justify;\"><a title=\"B\u00fcrgerinitiativen gegen Waldzerst\u00f6rung f\u00fcr Windkraftanlagen\" href=\"http:\/\/www.ak-kurier.de\/akkurier\/www\/artikel\/31232-bi-siegtal--grenzueberschreitendes-treffen-der-buergerinitiativen\" target=\"_blank\"><strong>BI Siegtal gegen Windenergieanlagen im Wald<\/strong><\/a><br \/>\nDrei Bundesl\u00e4nder wollen die Windenergieanlagen vorantreiben. Dies versetzte die B\u00fcrgerinitiativen aus der Region, die sich zu einem B\u00fcndnis gegen Windkraftanlagen in den W\u00e4ldern und Naturschutzgebieten zusammenschlossen, in Alarmstimmung. Die B\u00fcrgerinitiative (BI) Siegtal traf sich mit weiteren Initiativen und Interessengemeinschaften, um das weitere Vorgehen abzustimmen.<\/p>\n<p style=\"text-align: justify;\"><a title=\"Schwefel und Stickstoff in den Waldb\u00f6den\" href=\"http:\/\/www.berliner-zeitung.de\/archiv\/in-den-waldboeden-hat-sich-so-viel-schwefel-und-stickstoff-angesammelt--dass-die-baeume-ihre-funktion-als-luftfilter-%20 nicht-mehr-erfuellen-koennen-den-gruenen-lungen-geht-es-schlecht,10810590,9965178.html\" target=\"_blank\"><strong>Den gr\u00fcnen Lungen geht es schlecht<\/strong><\/a><br \/>\nIn den Waldb\u00f6den hat sich so viel Schwefel und Stickstoff angesammelt, dass die B\u00e4ume ihre Funktion als Luftfilter nicht mehr erf\u00fcllen k\u00f6nnen!<\/p>\n","protected":false},"excerpt":{"rendered":"<p>In der nachfolgenden Liste finden Sie LINKS, die unsere Leser uns zur Ver\u00f6ffentlichung geschickt haben. Wir freuen uns, wenn auch Sie uns interessante Links schicken, die Sie gefunden haben und die Sie f\u00fcr so interessant und wichtig erachten, da\u00df wir sie in dieser Liste aufnehmen sollen. Der neueste Link, der bei uns eingeht, steht immer &hellip; <a href=\"https:\/\/waldkritik.de\/?page_id=583\" class=\"more-link\"><span class=\"screen-reader-text\">Eine LINK-LISTE unserer Leser!<\/span> weiterlesen <span class=\"meta-nav\">&rarr;<\/span><\/a><\/p>\n","protected":false},"author":1,"featured_media":0,"parent":0,"menu_order":0,"comment_status":"open","ping_status":"closed","template":"","meta":{"footnotes":""},"class_list":["post-583","page","type-page","status-publish","hentry"],"_links":{"self":[{"href":"https:\/\/waldkritik.de\/index.php?rest_route=\/wp\/v2\/pages\/583","targetHints":{"allow":["GET"]}}],"collection":[{"href":"https:\/\/waldkritik.de\/index.php?rest_route=\/wp\/v2\/pages"}],"about":[{"href":"https:\/\/waldkritik.de\/index.php?rest_route=\/wp\/v2\/types\/page"}],"author":[{"embeddable":true,"href":"https:\/\/waldkritik.de\/index.php?rest_route=\/wp\/v2\/users\/1"}],"replies":[{"embeddable":true,"href":"https:\/\/waldkritik.de\/index.php?rest_route=%2Fwp%2Fv2%2Fcomments&post=583"}],"version-history":[{"count":57,"href":"https:\/\/waldkritik.de\/index.php?rest_route=\/wp\/v2\/pages\/583\/revisions"}],"predecessor-version":[{"id":2048,"href":"https:\/\/waldkritik.de\/index.php?rest_route=\/wp\/v2\/pages\/583\/revisions\/2048"}],"wp:attachment":[{"href":"https:\/\/waldkritik.de\/index.php?rest_route=%2Fwp%2Fv2%2Fmedia&parent=583"}],"curies":[{"name":"wp","href":"https:\/\/api.w.org\/{rel}","templated":true}]}}