{"id":713,"date":"2015-03-05T22:05:21","date_gmt":"2015-03-05T20:05:21","guid":{"rendered":"http:\/\/waldkritik.de\/?page_id=713"},"modified":"2015-03-23T22:38:42","modified_gmt":"2015-03-23T20:38:42","slug":"713-2","status":"publish","type":"page","link":"https:\/\/waldkritik.de\/?page_id=713","title":{"rendered":"Briefwechsel I"},"content":{"rendered":"<p>Als ersten Briefwechsel ver\u00f6ffentlichen wir hier den Briefwechsel zwischen Harald Kunz, Mitglied der Initiative &#8220;Waldkritik&#8221;,\u00a0 dem Landrat Walter, dem OB Palmer und die stellvertretende Antwort Graf B\u00fclows vom ForstBW und dann wiederum die Antwort darauf von Herrn Kunz. Alle Schreiben von Herrn Kunz wurden von Ihm mit entsprechendem Bildmaterial aus der aktuellen Holzernte 2015 untermauert.<\/p>\n<p><span style=\"color: #808080;\"><em>1. Zun\u00e4chst das Schreiben von Herrn Kunz vom 28.01.2015 an den Landrat Walter und vom 29.01.2015 an den OB Palmer aus T\u00fcbingen, anl\u00e4\u00dflich eines Werbefilms vom Forst BW zur Nachlese auf das Jahr 2014, in dem der Sch\u00f6nbuch &#8220;Wald des Jahres&#8221; war:<\/em><\/span><\/p>\n<p>&nbsp;<\/p>\n<p>Sehr geehrter Herr Landrat Walter (28.01.2015 ) und<br \/>\nSehr geehrter Herr OB Palmer (29.01.2015)<\/p>\n<p>heute hat mich das Video der Nachlese\u00a0 zum Waldgebiet des Jahres erreicht. Ich folge den Menschen die im Film sprechen gerne mit meinen Gedankenspuren. Diese habe ich Ihnen in den Anhang gestellt. Was mich betroffen macht ist die Zerst\u00f6rung der Waldb\u00f6den, sie ist eine besorgniserregende Tatsache, die auch weiterhin nicht zur Kenntnis genommen wird. Die Erhaltung der B\u00f6den, ihrer Fruchtbarkeit ist f\u00fcr das Leben von herausragender Bedeutung. F\u00fcr 2015 hat die UN das Jahr der B\u00f6den ausgerufen&#8230;<br \/>\nDie Autoren des Films, die Mitwirkenden suchen die Bedeutung des Sch\u00f6nbuchs zu unterstreichen. Das teilen wir gerne mit Ihnen. Warum aber werden die schweren Bodensch\u00e4den der vollmechanisierten Holzernte unterschlagen. Werden nicht erw\u00e4hnt? Freilich, Sie h\u00e4tten nicht ins \u00e4sthetische Schema, in das Drehbuch der Autoren gepasst. Auch nicht in die Pr\u00e4sentationsvorstellungen von Forst BW.<br \/>\nSehr geehrter Herr Landrat, Sie haben die Bedeutung des Sch\u00f6nbuchs aus Ihrer Sicht f\u00fcr die Besucher im Film herausgestellt. Wir sind der Meinung dass der Schutz des Sch\u00f6nbuchs deshalb von gr\u00f6\u00dfter Bedeutung ist. Ich will Ihnen einige Bilder von aktuellen Sch\u00e4den in den Anhang stellen. Sie wurden im Januar 2015 fotografiert. Sie machen an einer aufgefundenen Stelle im Sch\u00f6nbuch deutlich, dass die Forstverwaltung mitnichten den allein verbal vorgetragenen Ausgleich \u00f6konomischer, \u00f6kologischer und sozialer Ziele der Waldwirtschaft zu trachten versucht. Es sind Bilder der R\u00fccksichtslosigkeit und der Zerst\u00f6rung. Sie widerlegen das Ansinnen des Filmes, in dem Sie, Herr Landrat Walter mitwirken, n\u00e4mlich, die Wertsch\u00e4tzung des Sch\u00f6nbuchs.<br \/>\nGr\u00fc\u00df Sie herzlich<\/p>\n<p>Initiative Waldkritik<\/p>\n<p>Diese Bilder waren dem Schreiben von Herrn Kunz angeh\u00e4ngt:<\/p>\n<p><a href=\"https:\/\/waldkritik.de\/wp-content\/uploads\/2015\/03\/Aktuelle-Schaeden-der-Holzernte-2015.jpg\"><img loading=\"lazy\" decoding=\"async\" class=\"aligncenter size-full wp-image-714\" src=\"https:\/\/waldkritik.de\/wp-content\/uploads\/2015\/03\/Aktuelle-Schaeden-der-Holzernte-2015.jpg\" alt=\"Aktuelle-Schaeden-der-Holzernte-2015\" width=\"1500\" height=\"1659\" srcset=\"https:\/\/waldkritik.de\/wp-content\/uploads\/2015\/03\/Aktuelle-Schaeden-der-Holzernte-2015.jpg 1500w, https:\/\/waldkritik.de\/wp-content\/uploads\/2015\/03\/Aktuelle-Schaeden-der-Holzernte-2015-271x300.jpg 271w, https:\/\/waldkritik.de\/wp-content\/uploads\/2015\/03\/Aktuelle-Schaeden-der-Holzernte-2015-926x1024.jpg 926w\" sizes=\"auto, (max-width: 1500px) 100vw, 1500px\" \/><\/a><span style=\"color: #ffffff;\">.<\/span><\/p>\n<p><span style=\"color: #808080;\">2. Auf das Schreiben von Herrn Kunz an den Landrat Walter und den OB Palmer hat stellvertretend Herr Graf B\u00fclow von Dennewitz\u00a0 am 13.02.2015 geantwortet:<\/span><\/p>\n<p><a href=\"https:\/\/waldkritik.de\/wp-content\/uploads\/2015\/03\/Antwort-Kunz-13.02.2015.doc-4-2_Seite_1.jpg\"><img loading=\"lazy\" decoding=\"async\" class=\"aligncenter size-full wp-image-716\" src=\"https:\/\/waldkritik.de\/wp-content\/uploads\/2015\/03\/Antwort-Kunz-13.02.2015.doc-4-2_Seite_1.jpg\" alt=\"Antwort Kunz 13.02.2015.doc-4-2_Seite_1\" width=\"1654\" height=\"2339\" srcset=\"https:\/\/waldkritik.de\/wp-content\/uploads\/2015\/03\/Antwort-Kunz-13.02.2015.doc-4-2_Seite_1.jpg 1654w, https:\/\/waldkritik.de\/wp-content\/uploads\/2015\/03\/Antwort-Kunz-13.02.2015.doc-4-2_Seite_1-212x300.jpg 212w, https:\/\/waldkritik.de\/wp-content\/uploads\/2015\/03\/Antwort-Kunz-13.02.2015.doc-4-2_Seite_1-724x1024.jpg 724w\" sizes=\"auto, (max-width: 1654px) 100vw, 1654px\" \/><\/a><a href=\"https:\/\/waldkritik.de\/wp-content\/uploads\/2015\/03\/Antwort-Kunz-13.02.2015.doc-4-2_Seite_2.jpg\"><img loading=\"lazy\" decoding=\"async\" class=\"aligncenter size-full wp-image-717\" src=\"https:\/\/waldkritik.de\/wp-content\/uploads\/2015\/03\/Antwort-Kunz-13.02.2015.doc-4-2_Seite_2.jpg\" alt=\"Antwort Kunz 13.02.2015.doc-4-2_Seite_2\" width=\"1654\" height=\"2339\" srcset=\"https:\/\/waldkritik.de\/wp-content\/uploads\/2015\/03\/Antwort-Kunz-13.02.2015.doc-4-2_Seite_2.jpg 1654w, https:\/\/waldkritik.de\/wp-content\/uploads\/2015\/03\/Antwort-Kunz-13.02.2015.doc-4-2_Seite_2-212x300.jpg 212w, https:\/\/waldkritik.de\/wp-content\/uploads\/2015\/03\/Antwort-Kunz-13.02.2015.doc-4-2_Seite_2-724x1024.jpg 724w\" sizes=\"auto, (max-width: 1654px) 100vw, 1654px\" \/><\/a><\/p>\n<p>&nbsp;<\/p>\n<p><a href=\"https:\/\/waldkritik.de\/wp-content\/uploads\/2015\/03\/Antwort-Kunz-13.02.2015.doc-4-2_Seite_31.jpg\"><img loading=\"lazy\" decoding=\"async\" class=\"aligncenter size-full wp-image-721\" src=\"https:\/\/waldkritik.de\/wp-content\/uploads\/2015\/03\/Antwort-Kunz-13.02.2015.doc-4-2_Seite_31.jpg\" alt=\"Antwort Kunz 13.02.2015.doc-4-2_Seite_3\" width=\"1654\" height=\"627\" srcset=\"https:\/\/waldkritik.de\/wp-content\/uploads\/2015\/03\/Antwort-Kunz-13.02.2015.doc-4-2_Seite_31.jpg 1654w, https:\/\/waldkritik.de\/wp-content\/uploads\/2015\/03\/Antwort-Kunz-13.02.2015.doc-4-2_Seite_31-300x114.jpg 300w, https:\/\/waldkritik.de\/wp-content\/uploads\/2015\/03\/Antwort-Kunz-13.02.2015.doc-4-2_Seite_31-1024x388.jpg 1024w\" sizes=\"auto, (max-width: 1654px) 100vw, 1654px\" \/><\/a><span style=\"color: #ffffff;\">.<\/span><\/p>\n<p><span style=\"color: #808080;\">3. Auf dieses Schreiben hat wiederum Herr Kunz am 25.02.2015 wie folgt geantwortet und nochmals aktuelle Bilder mitgeschickt:<\/span><\/p>\n<p><span style=\"color: #000000;\"><span style=\"font-size: medium;\">Sehr geehrter Herr Graf B\u00fclow,<\/span><\/span><\/p>\n<p><span style=\"color: #000000;\"><span style=\"font-size: medium;\">herzlichen Dank f\u00fcr Ihr Schreiben als Betriebsleiter, Ihrer Antwort auf mein Schreiben an Herrn Oberb\u00fcrgermeister Palmer und an Herrn Landrat Walter. <\/span><\/span><\/p>\n<p><span style=\"color: #000000;\"><span style=\"font-size: medium;\">Ich will direkt darauf eingehen.<\/span><\/span><\/p>\n<p><span style=\"color: #000000;\"><span style=\"font-size: medium;\">Sie bem\u00fchen eine Gruppe von Gedankenmustern um die Aufgaben der Forstwirtschaft, Erholung, Schutz und Nutzung darzustellen. Wir stellen fest, dass die B\u00f6den im Sch\u00f6nbuch durch den Einsatz der Maschinen trotz gegenteiliger Beteuerungen aber weiter schwer gesch\u00e4digt werden.<\/span><\/span><\/p>\n<p><span style=\"color: #000000;\"><span style=\"font-size: medium;\">Die Integration \u00f6konomischer, \u00f6kologischer und sozialer Gestaltmerkmale nachhaltiger Waldwirtschaft, Sie sind hierzu rechtlich verpflichtet, wird aus unserer Sicht nicht umge-setzt, mehr noch, sie unterbleibt. Das festzustellen ist f\u00fcr niemanden, am wenigsten f\u00fcr den Sch\u00f6nbuch ein Gewinn!<\/span><\/span><\/p>\n<p><span style=\"color: #000000;\"><span style=\"font-size: medium;\">Es wird zudem deutlich, dass Befahrungssch\u00e4den nicht ausreichend in den Richtlinien des FSC-Standards gew\u00fcrdigt werden, diese mit konkret pr\u00fcfbaren Grenzwerten zu untersetzen aber dringend vonn\u00f6ten ist. Die Standards m\u00fcssen deshalb auf den Pr\u00fcfstand!<\/span><\/span><\/p>\n<p><span style=\"color: #000000;\"><span style=\"font-size: medium;\">Der Werbefilm den Sie in Auftrag gegeben und sicherlich mit klaren Zielsetzungen geplant haben, bem\u00fcht Landschaft, Menschen, erzeugt Bilder\u2026 Nebenbei, mit 7000 Mausklicks ge-lang es Wald des Jahres zu werden und auf diese einfache Weise sah man die Forstpartie als aufgewertet an. Das ist das Ergebnis des Bewerbs und Sinn des Films. Indes, f\u00fcnf Millionen B\u00fcrger und B\u00fcrgerinnen besuchen den Sch\u00f6nbuch von sich aus, ohne den Film gesehen zu haben. Der Aufenthalt im Sch\u00f6nbuch gen\u00fcgt. Doch w\u00e4re deren Beteiligung denkbar gewe-sen. Menschen bringen von Natur aus die Bereitschaft mit, an der Gestaltung Ihres Lebens-raumes mitwirken zu wollen. Die Forstverwaltung kann Lebensraum unter der Ber\u00fccksich-tigung vielf\u00e4ltiger Lebensinteressen nicht allein gestalten. Das liegt in der Sache selbst be-gr\u00fcndet. Die ruhelosen Verdichtungsprozesse im Abschnitt des Mittleren Neckars machen interdisziplin\u00e4re Gestaltungs\u00fcberlegungen zwingend erforderlich. Da die Menschen nicht eingebunden werden, entstehen unweigerlich Interessenskonflikte. Die Forstverwaltung, als auch die politische F\u00fchrungsebene scheint dies nicht zu erkennen wollen.<\/span><\/span><\/p>\n<p><span style=\"color: #000000;\"><span style=\"font-size: medium;\">Die ingenieurtechnischen Anwendungen des Maschinenbaus erfolgten auf B\u00f6den, die durch deren Einsatz gleichzeitig schwer gesch\u00e4digt werden. Die Kosten die Unternehmern durch Anschaffung der Maschinen entstehen, sind kein Grund daf\u00fcr, Eins\u00e4tze ohne vorsorgenden Bodenschutz zuzulassen. Das genau wird aber zu Lasten der B\u00f6den gemacht. <\/span><\/span><\/p>\n<p><span style=\"color: #000000;\"><span style=\"font-size: medium;\">Das Feinerschlie\u00dfungssystem wirkt weitere Sch\u00e4den, weil \u00d6rtlichkeit und Bodeneigenschaf-ten unber\u00fccksichtigt bleiben. Die Sch\u00e4digung der B\u00f6den wird sichtbar und deshalb zu Recht kritisiert. Die Forstverwaltung antwortet mit Beschwichtigung, der Rest des Waldes bliebe ja erhalten-eine wie wir finden hilflose Einwendung, die in der Angabe der Gr\u00f6\u00dfenordnung f\u00fcr den Fl\u00e4chenverlust durch die Fahrgassen mit 10 Prozent auch nicht stimmt! <\/span><\/span><\/p>\n<p><span style=\"color: #000000;\"><span style=\"font-size: medium;\">Sie erw\u00e4hnen den 17. Oktober als Datum einer Informationsveranstaltung f\u00fcr B\u00fcrgerinitiativen? <\/span><\/span><\/p>\n<p><span style=\"color: #000000;\"><span style=\"font-size: medium;\">Die Besprechung, so die Bezeichnung im Betreff der Einladung, war als Fortsetzung des in Stuttgart begonnenen Dialogs, Herr Dr. Murschel hat diesen angeregt, gedacht. Die Forstverwaltung hat \u201eBebenhausen\u201c dann zur virtuellen Wiederholung der \u201eInformationsveranstaltung\u201c am Bromberg samt Tagesordnung, Ablauf und Zusammensetzung der Teilnehmer, wenigstens 40 F\u00f6rster waren versammelt, umgeformt und die Durchf\u00fchrung direktiv bestimmt. <\/span><\/span><\/p>\n<p><span style=\"color: #000000;\"><span style=\"font-size: medium;\">Nach dieser Erfahrung werden wir an Veranstaltungen dann teilnehmen, wenn wir die Ta-gesordnung und Besetzung mitbestimmen k\u00f6nnen.<\/span><\/span><\/p>\n<p><span style=\"color: #000000;\"><span style=\"font-size: medium;\">Die Verkn\u00fcpfung von zentraler Anweisung zur Umsetzung der Feinerschlie\u00dfungsrichtlinie, vertikalem Organisationsgef\u00fcge, systemischen Handlungsfolgen, wirtschaftlicher Aneig-nungs\u00f6konomie m\u00fcndet in die Zerst\u00f6rung der B\u00f6den ein. Dies wird selbst von h\u00f6chster Ebe-ne billigend in Kauf genommen. Ein Schutz der B\u00f6den scheint unm\u00f6glich.<\/span><\/span><\/p>\n<p><span style=\"color: #000000;\"><span style=\"font-size: medium;\">Konstruktive Vorschl\u00e4ge wie Sie Herr Gr\u00fcll entwirft, werden ungepr\u00fcft, als nicht machbar ab-getan. Seine Vorschl\u00e4ge passen nicht zum vorhandenen R\u00fcckegassenkonzept, wohl aber zur L\u00f6sung des Problems.<\/span><\/span><\/p>\n<p><span style=\"color: #000000;\"><span style=\"font-size: medium;\">Frau Dr. Kenntner hat die Kommunikationsstrukturen von Forst BW untersucht. Ich zitiere, <\/span><\/span><\/p>\n<p><span style=\"color: #000000;\">\u201e <span style=\"font-size: medium;\">allein F\u00f6rster (in Baden-W\u00fcrttemberg, von mir hinzugesetzt) sind in der Lage forstfachliche Belange zu beurteilen.\u201c So sind Spursch\u00e4den ein \u00e4sthetisches Problem und die aufgerissenen B\u00f6den Wohnraum f\u00fcr Lurche. Basta! Vor kurzem hat auch ein Oberb\u00fcrgermeister F\u00fcrspra-che f\u00fcr Gelbbauchunken gehalten. Es g\u00e4lte diese zu retten. Eine Million Mikroorganismen in einem Gramm (!) Waldboden lebend, Bodenfruchtbarkeit webend, werden durch Befahrung get\u00f6tet. Ein seltsamer Rettungsversuch. Diese Gedankenspuren wirken in die Gesellschaft zur\u00fcck und schaffen den Widerspruch zwischen unreflektierter Aneignung der Ressource Boden auf der einen, Rationalisierung der Sch\u00e4den und Imagepflege auf der anderen Seite. Mit Verlaub Herr Graf B\u00fclow, die Forstverwaltung tritt auf der Stelle. <\/span><\/span><\/p>\n<p><span style=\"color: #000000;\"><span style=\"font-size: medium;\">Informationen zu Frau Dr. Kenntners Arbeit finden Sie unter: <\/span><\/span><\/p>\n<p><span style=\"color: #000000;\"><span style=\"font-size: medium;\"><a href=\"https:\/\/waldkritik.de\/?p=378\">https:\/\/waldkritik.de\/?p=378<\/a> <\/span><\/span><\/p>\n<p><span style=\"color: #000000;\"><span style=\"font-family: Calibri,serif;\"><span style=\"font-size: medium;\">Sie schreiben, wir stellten Forstleute in eine Verbindung zu <\/span><\/span><span style=\"font-size: medium;\">Ignoranz, Borniertheit und Geldgier. Herr Dr. Luther hat Ihnen geantwortet.<\/span><\/span><\/p>\n<p><span style=\"color: #000000;\"><span style=\"font-size: medium;\">Ich will es Ihnen auf folgende Weise sagen: die Missachtung der B\u00f6den und des Bodenlebens im Sch\u00f6nbuch wird mit einem Starrsinn, allein wirtschaftlichen Zielsetzungen folgend fortgef\u00fchrt. Die Einseitigkeit dieser Vorgehensweise ist br\u00fcskierend! Sehen Sie die Bilder im Anhang. <\/span><\/span><\/p>\n<p><span style=\"color: #000000;\"><span style=\"font-size: medium;\">Warum versuchen Sie mir den FSC zu erkl\u00e4ren? <\/span><\/span><\/p>\n<p><span style=\"color: #000000;\"><span style=\"font-size: medium;\">Unbenommen, es m\u00f6gen dort verdiente Leute zu Werke gehen\u2026Wir haben unsere Erfahrung gemacht.<\/span><\/span><\/p>\n<p><span style=\"color: #000000;\"><span style=\"font-size: medium;\">Man hat uns drei Tage vor dem geplanten Audit die Verfahrensregeln in Englisch mitgeteilt.<\/span><\/span><\/p>\n<p><span style=\"color: #000000;\"><span style=\"font-family: Calibri,serif;\"><span style=\"font-size: medium;\">Unter anderem wurde gefordert, die Beschwerdevertreter m\u00fcssten zum Verlauf des Audits in der \u00d6ffentlichkeit schweigen\u2026 Daraufhin haben wir unsere Teilnahme abgesagt. <\/span><\/span><\/span><\/p>\n<p><span style=\"color: #000000;\"><span style=\"font-family: Calibri,serif;\"><span style=\"font-size: medium;\">Sie sehen wir antworten!<\/span><\/span><\/span><\/p>\n<p><span style=\"color: #000000;\"><span style=\"font-family: Calibri,serif;\"><span style=\"font-size: medium;\">Was dringlichst auf den Pr\u00fcfstand muss, ist:<\/span><\/span><\/span><\/p>\n<p><span style=\"color: #000000;\"><span style=\"font-family: Calibri,serif;\"><span style=\"font-size: medium;\">Befahrungssch\u00e4den m\u00fcssen in den Richtlinien des FSC ausreichend ber\u00fccksichtigt werden. Diese mit konkret pr\u00fcfbaren Grenzwerten zu untersetzen w\u00e4re dringend vonn\u00f6ten. <\/span><\/span><\/span><\/p>\n<p><span style=\"color: #000000;\"><span style=\"font-family: Calibri,serif;\"><span style=\"font-size: medium;\">Es bedarf der Einrichtung eines spontanen, unabh\u00e4ngigen Kontrollorgans. Das h\u00e4tte Wirkung und w\u00fcrde dazu beitragen die B\u00f6den besser zu sch\u00fctzen. <\/span><\/span><\/span><\/p>\n<p><span style=\"color: #000000;\"><span style=\"font-family: Calibri,serif;\"><span style=\"font-size: medium;\">Zur gesellschaftlichen Plattform: Die Umweltkammer des FSC kann mit einem Drittel Stimmenanteil allein, eine Verbesserung des Bodenschutzes nicht erwirken\u2026 Lizenznehmer und Pr\u00fcfinstanzen verf\u00fcgen \u00fcber die restlichen Stimmen. Hier ist Bewegung dringend notwendig, denn zwischenzeitlich werden Waldb\u00f6den im Sch\u00f6nbuch und in Deutschland zerst\u00f6rt.<\/span><\/span><\/span><\/p>\n<p><span style=\"color: #000000;\"><span style=\"font-family: Calibri,serif;\"><span style=\"font-size: medium;\">Forst BW schreiben Sie, hat sich mit einer Bodenschutzkonzeption eigene Standards gesetzt? Es beinhaltet 40 cm Spurtiefe und wenn es wichtig deucht, gibt es 10 Prozent Zuschlag! Glauben Sie wirklich ernsthaft, befahrungsempfindliche B\u00f6den im Sch\u00f6nbuch k\u00f6nnten mit diesem Konzept gesch\u00fctzt werden? Aus meiner Sicht handeln die Entscheidungstr\u00e4ger grob fahrl\u00e4ssig. Was wissen Sie, was wissen die Entscheidungstr\u00e4ger wirklich \u00fcber die langfristigen Folgen der Bodenverdichtung, bei einer Fl\u00e4che von wenigstens 10 000 qkm in Deutschland?<\/span><\/span><\/span><\/p>\n<p><span style=\"font-size: medium;\">Es gibt Standorte &#8211; und davon im Sch\u00f6nbuch \u00fcberdurchschnittlich viele &#8211; die f\u00fcr eine Befahrung, und damit f\u00fcr systematische Erschlie\u00dfung nicht geeignet sind. Solange alle Standorte undifferenziert erschlossen und befahren werden, geht die Bodenzerst\u00f6rung weiter. <\/span><\/p>\n<p><span style=\"font-size: medium;\">Wir werden dem Widerstand entgegensetzen. <\/span><\/p>\n<p><span style=\"color: #000000;\"><span style=\"font-family: Calibri,serif;\"><span style=\"font-size: medium;\">Ein Muskelprotz r\u00e4umt auf, war der Titel einer Reportage im Schw\u00e4bischen Tagblatt\u2026Mit Pferden ger\u00fcckt, den Waldboden geschont \u2026im gleichen Waldabschnitt Maschineneins\u00e4tze mit den Folgen schwerster Bodensch\u00e4digung. Ihr Darstellungsversuch in der Presse und das Geschehen im Wald sind merkw\u00fcrdig gegens\u00e4tzlich.<\/span><\/span><\/span><\/p>\n<p><span style=\"color: #000000;\"><span style=\"font-family: Calibri,serif;\"><span style=\"font-size: medium;\">Ich will in Erinnerung rufen, wie sich dies darstellt:<\/span><\/span><\/span><\/p>\n<p><span style=\"color: #000000;\"><a href=\"https:\/\/waldkritik.de\/?p=87\"><span style=\"font-family: Calibri,serif;\"><span style=\"font-size: medium;\">https:\/\/waldkritik.de\/?p=74<\/p>\n<blockquote class=\"wp-embedded-content\" data-secret=\"EFN0Rhn20x\"><p><a href=\"https:\/\/waldkritik.de\/?p=87\">Offener Brief an Graf B\u00fclow vom 10.6.2014<\/a><\/p><\/blockquote>\n<p><iframe loading=\"lazy\" class=\"wp-embedded-content\" sandbox=\"allow-scripts\" security=\"restricted\" style=\"position: absolute; clip: rect(1px, 1px, 1px, 1px);\" title=\"&#8222;Offener Brief an Graf B\u00fclow vom 10.6.2014&#8220; &#8212; WaldKritik\" src=\"https:\/\/waldkritik.de\/?p=87&#038;embed=true#?secret=X4aWjKUIAI#?secret=EFN0Rhn20x\" data-secret=\"EFN0Rhn20x\" width=\"474\" height=\"267\" frameborder=\"0\" marginwidth=\"0\" marginheight=\"0\" scrolling=\"no\"><\/iframe><br \/>\n<\/span><\/span><\/a><\/span><span style=\"color: #000000;\"><a href=\"https:\/\/waldkritik.de\/?p=84\"><span style=\"font-family: Calibri,serif;\"><span style=\"font-size: medium;\">https:\/\/waldkritik.de\/?p=84<br \/>\n<\/span><\/span><\/a><\/span><span style=\"color: #000000;\"><a href=\"https:\/\/waldkritik.de\/?p=106\"><span style=\"font-family: Calibri,serif;\"><span style=\"font-size: medium;\">https:\/\/waldkritik.de\/?p=106<\/span><\/span><\/a><\/span><\/p>\n<p><span style=\"color: #000000;\"><span style=\"font-family: Calibri,serif;\"><span style=\"font-size: medium;\">Sie erw\u00e4hnen die Sch\u00e4den in Ihrem Schreiben erneut. Sie seien saniert sagen Sie? L\u00e4sst sich das wirklich leisten? Sie schreiben, technische Befahrbarkeit sei gew\u00e4hrleistet, doch Bodengesundheit und das Bodenleben sind auf wenigsten 2000 ha im Sch\u00f6nbuch nicht wieder herzustellen. Ich finde diesen Umgang mit dem Ihnen anvertrauten Gemeinschaftsbesitz erschreckend! <\/span><\/span><\/span><\/p>\n<p><span style=\"color: #000000;\"><span style=\"font-family: Calibri,serif;\"><span style=\"font-size: medium;\">Gestatten Sie mir hier die Frage, ist der Aufwand und die Kraft, die wir aufbieten, wirklich vonn\u00f6ten? W\u00e4ren diese in einem Modellversuch Sch\u00f6nbuch nicht besser angelegt? <\/span><\/span><\/span><\/p>\n<p><span style=\"color: #000000;\"><span style=\"font-family: Calibri,serif;\"><span style=\"font-size: medium;\">Zu abschlie\u00dfenden Beurteilung in Ihrem Schreiben, m\u00f6chte ich in folgender Weise Stellung nehmen:<\/span><\/span><\/span><\/p>\n<p><span style=\"color: #000000;\"><span style=\"font-family: Calibri,serif;\"><span style=\"font-size: medium;\">Die Aufnahme und schriftliche Dokumentation der verursachten Sch\u00e4den im Sch\u00f6nbuch, ausgel\u00f6st durch den Einsatz von Forstmaschinen ist l\u00e4ngst \u00fcberf\u00e4llig. H\u00e4ufigkeit und Sch\u00e4digungsgrad der B\u00f6den im Sch\u00f6nbuch sollen durch ein unabh\u00e4ngiges Gremium festgestellt werden, um einen wirklichen \u00dcberblick \u00fcber die Fl\u00e4chenverluste zu erhalten. <\/span><\/span><\/span><\/p>\n<p><span style=\"color: #000000;\"><span style=\"font-family: Calibri,serif;\"><span style=\"font-size: medium;\">Der B\u00fcrger ist Souver\u00e4n, die Holzwirtschaft ist Kunde und die Forstleute sind Handlungstr\u00e4ger des ausdr\u00fccklichen Willens der B\u00fcrger. <\/span><\/span><span style=\"font-size: medium;\">So gesehen ist Waldbau auch ein Ausdruck politischer Beteiligung. <\/span><span style=\"font-family: Calibri,serif;\"><span style=\"font-size: medium;\">Offensichtlich haben die Entscheidungstr\u00e4ger bei Forst BW und der Landesregierung das vergessen.<\/span><\/span><\/span><\/p>\n<p><span style=\"color: #000000;\"><span style=\"font-size: medium;\">Wir erwarten die Aufstellung eines Bodenschutzprogramms nach Brandenburger Vorbild, bei dem empfindliche Standorte, die es im Sch\u00f6nbuch ebenfalls gibt, grunds\u00e4tzlich nicht befahren werden<\/span><span style=\"font-size: medium;\"><b>. <\/b><\/span><\/span><\/p>\n<p><span style=\"color: #000000;\"><span style=\"font-size: medium;\">Der Sch\u00f6nbuch bedarf einer umfassenden waldbaulichen Planung mit dem Ziel, die vielf\u00e4ltigen Wechselwirkungen hinsichtlich Lebensraum und Lebewesen festzustellen und zu f\u00f6rdern.<\/span><\/span><\/p>\n<p><span style=\"color: #000000;\"><span style=\"font-family: Calibri,serif;\"><span style=\"font-size: medium;\">Der B\u00fcrger hat das Recht, an der Gestalt des Waldes, an seiner Entwicklung und an der Nutzung mitzuwirken. K\u00f6nnte das nicht f\u00fcr alle Beteiligten belebend sein? Ich bitte Sie konkret zu antworten.<\/span><\/span><\/span><\/p>\n<p><span style=\"color: #000000;\"><span style=\"font-family: Calibri,serif;\"><span style=\"font-size: medium;\">Februar 2015\u2026 Schadbilder aus dem Sch\u00f6nbuch, aus dem Verwaltungsbereich des Kreisforstamtes T\u00fcbingen. Sie sind dem Schreiben angef\u00fcgt.<\/span><\/span><\/span><\/p>\n<p><span style=\"color: #000000;\"><span style=\"font-family: Calibri,serif;\"><span style=\"font-size: medium;\">Es stellt sich die Frage nach der Glaubw\u00fcrdigkeit der Entscheidungstr\u00e4ger in der Forstverwaltung und letztlich auch der Verantwortlichen in der Landesregierung.<\/span><\/span><\/span><\/p>\n<p><span style=\"color: #000000;\"><span style=\"font-family: Calibri,serif;\"><span style=\"font-size: medium;\">Was werden Sie sagen? <\/span><\/span><\/span><\/p>\n<p><span style=\"color: #000000;\"><span style=\"font-family: Calibri,serif;\"><span style=\"font-size: medium;\">Erkennen Sie, dass die Gefahr besteht an Autorit\u00e4t und Glaubw\u00fcrdigkeit zu verlieren. Das Landeswaldgesetz schreibt die Erhaltung des Bodens und der Bodenfruchtbarkeit zwingend vor. Von partieller Zerst\u00f6rung der B\u00f6den im Aneignungsprozess, ist im Gesetz ist nirgendwo Rede. <\/span><\/span><\/span><\/p>\n<p><span style=\"color: #000000;\"><span style=\"font-family: Calibri,serif;\"><span style=\"font-size: medium;\">Ich w\u00fcnschte es gel\u00e4nge Ihnen, sich auf die St\u00e4rken zu besinnen und diese in einer Neuordnung der Waldbewirtschaftung im Sch\u00f6nbuch und im Keuperbergland zu entfalten.<\/span><\/span><\/span><\/p>\n<p><span style=\"color: #000000;\"><span style=\"font-family: Calibri,serif;\"><span style=\"font-size: medium;\">Mit freundlichen Gr\u00fc\u00dfen,<br \/>\nInitiative Waldkritik<\/span><\/span><\/span><\/p>\n<p><span style=\"color: #000000;\"><span style=\"color: #000000;\"><span style=\"font-size: medium;\">Anlage: 12 Fotos<\/span><\/span><span style=\"font-size: medium;\"> zur Holznutzung im Fr\u00fchjahr 2015. Ich stelle fest, es hat sich nichts gebessert.<\/span><\/span><\/p>\n<p><a href=\"https:\/\/waldkritik.de\/wp-content\/uploads\/2015\/03\/Aktuelle-Schaeden-der-Holzernte-2015_II.jpg\"><img loading=\"lazy\" decoding=\"async\" class=\"aligncenter size-full wp-image-719\" src=\"https:\/\/waldkritik.de\/wp-content\/uploads\/2015\/03\/Aktuelle-Schaeden-der-Holzernte-2015_II.jpg\" alt=\"Aktuelle-Schaeden-der-Holzernte-2015_II\" width=\"1500\" height=\"1470\" srcset=\"https:\/\/waldkritik.de\/wp-content\/uploads\/2015\/03\/Aktuelle-Schaeden-der-Holzernte-2015_II.jpg 1500w, https:\/\/waldkritik.de\/wp-content\/uploads\/2015\/03\/Aktuelle-Schaeden-der-Holzernte-2015_II-300x294.jpg 300w, https:\/\/waldkritik.de\/wp-content\/uploads\/2015\/03\/Aktuelle-Schaeden-der-Holzernte-2015_II-1024x1004.jpg 1024w\" sizes=\"auto, (max-width: 1500px) 100vw, 1500px\" \/><\/a><\/p>\n<p><span style=\"color: #808080;\">4. Dann hat Herr Kunz Herrn OB Palmer nochmals gesondert Bildmaterial aus dem Stadtwald T\u00fcbingen zugesendet, mit der Bitte, sich um die Belange des Waldbodens zu k\u00fcmmern:<\/span><\/p>\n<p><a href=\"https:\/\/waldkritik.de\/wp-content\/uploads\/2015\/03\/Aktuelle-Schaeden-der-Holzernte-2015_III.jpg\"><img loading=\"lazy\" decoding=\"async\" class=\"aligncenter size-full wp-image-740\" src=\"https:\/\/waldkritik.de\/wp-content\/uploads\/2015\/03\/Aktuelle-Schaeden-der-Holzernte-2015_III.jpg\" alt=\"Aktuelle-Schaeden-der-Holzernte-2015_III\" width=\"1000\" height=\"1865\" srcset=\"https:\/\/waldkritik.de\/wp-content\/uploads\/2015\/03\/Aktuelle-Schaeden-der-Holzernte-2015_III.jpg 1000w, https:\/\/waldkritik.de\/wp-content\/uploads\/2015\/03\/Aktuelle-Schaeden-der-Holzernte-2015_III-161x300.jpg 161w, https:\/\/waldkritik.de\/wp-content\/uploads\/2015\/03\/Aktuelle-Schaeden-der-Holzernte-2015_III-549x1024.jpg 549w\" sizes=\"auto, (max-width: 1000px) 100vw, 1000px\" \/><\/a><\/p>\n","protected":false},"excerpt":{"rendered":"<p>Als ersten Briefwechsel ver\u00f6ffentlichen wir hier den Briefwechsel zwischen Harald Kunz, Mitglied der Initiative &#8220;Waldkritik&#8221;,\u00a0 dem Landrat Walter, dem OB Palmer und die stellvertretende Antwort Graf B\u00fclows vom ForstBW und dann wiederum die Antwort darauf von Herrn Kunz. Alle Schreiben von Herrn Kunz wurden von Ihm mit entsprechendem Bildmaterial aus der aktuellen Holzernte 2015 untermauert. &hellip; <a href=\"https:\/\/waldkritik.de\/?page_id=713\" class=\"more-link\"><span class=\"screen-reader-text\">Briefwechsel I<\/span> weiterlesen <span class=\"meta-nav\">&rarr;<\/span><\/a><\/p>\n","protected":false},"author":1,"featured_media":0,"parent":0,"menu_order":0,"comment_status":"open","ping_status":"closed","template":"","meta":{"footnotes":""},"class_list":["post-713","page","type-page","status-publish","hentry"],"_links":{"self":[{"href":"https:\/\/waldkritik.de\/index.php?rest_route=\/wp\/v2\/pages\/713","targetHints":{"allow":["GET"]}}],"collection":[{"href":"https:\/\/waldkritik.de\/index.php?rest_route=\/wp\/v2\/pages"}],"about":[{"href":"https:\/\/waldkritik.de\/index.php?rest_route=\/wp\/v2\/types\/page"}],"author":[{"embeddable":true,"href":"https:\/\/waldkritik.de\/index.php?rest_route=\/wp\/v2\/users\/1"}],"replies":[{"embeddable":true,"href":"https:\/\/waldkritik.de\/index.php?rest_route=%2Fwp%2Fv2%2Fcomments&post=713"}],"version-history":[{"count":11,"href":"https:\/\/waldkritik.de\/index.php?rest_route=\/wp\/v2\/pages\/713\/revisions"}],"predecessor-version":[{"id":825,"href":"https:\/\/waldkritik.de\/index.php?rest_route=\/wp\/v2\/pages\/713\/revisions\/825"}],"wp:attachment":[{"href":"https:\/\/waldkritik.de\/index.php?rest_route=%2Fwp%2Fv2%2Fmedia&parent=713"}],"curies":[{"name":"wp","href":"https:\/\/api.w.org\/{rel}","templated":true}]}}